{"id":728,"date":"2023-06-28T15:35:12","date_gmt":"2023-06-28T15:35:12","guid":{"rendered":"https:\/\/rautila.fi\/?page_id=728"},"modified":"2023-06-28T16:32:06","modified_gmt":"2023-06-28T16:32:06","slug":"v2022","status":"publish","type":"page","link":"https:\/\/rautila.fi\/index.php\/tapahtumat\/menneet-tapahtumat\/v2022\/","title":{"rendered":"2022"},"content":{"rendered":"\n<p><strong>10.12. Irjalan kentt\u00e4 valmistui luistelijoille<\/strong><\/p>\n\n\n\n<p><strong>Ti 6.12. puhe ja seppeltenlasku sankarihaudoille itsen\u00e4isyysp\u00e4iv\u00e4n jumalanpalveluksen yhteydess\u00e4<\/strong>. Jussi Jaakkolan kirjoittaman puheen piti Tapio Ranta ja kuusi henkil\u00f6\u00e4 toimi airueina ja lipunkantajina.<\/p>\n\n\n\n<p><strong>La 12.11. pikkujouluretki.<\/strong> Kohteina Legomuseo Kyr\u00f6ss\u00e4, Johanna Oraksen koti ja Yrj\u00f6 Liipolan taidemuseo Koskella TL sek\u00e4 lounas ja tilapuoti Tuorlan Majatalossa. Retkell\u00e4 mukana 18 juhlijaa.<\/p>\n\n\n\n<p><strong>La 29.10. talkoot Irjalan kent\u00e4ll\u00e4<\/strong>. Halottiin kaadetut koivut talven makkaratulia varten. Mukana 7 talkoolaista.<\/p>\n\n\n\n<p><strong>La 15.10. puu- ja siivoustalkoot saunalla.<\/strong> Mukana 5 siivoojaa ja 7 saunapuiden tekij\u00e4\u00e4.<\/p>\n\n\n\n<hr class=\"wp-block-separator has-alpha-channel-opacity is-style-wide\"\/>\n\n\n\n<h2 class=\"wp-block-heading\" id=\"syysmarkkinat\"><strong>Rautilan Syysmarkkinat 4.9.<\/strong><\/h2>\n\n\n\n<p>Sunnuntaina vietimme seitsem\u00e4nsi\u00e4 Rautilan Syysmarkkinoita Vehmassalmen tanssipaviljongilla kirpsakassa s\u00e4\u00e4ss\u00e4. Markkinoille oli t\u00e4ll\u00e4 kertaa ilmoittautunut 38 myyj\u00e4\u00e4 ja yhdistyst\u00e4. Markkinatouhun ohessa juhlistimme kyl\u00e4yhdistyksemme 40-vuotista taivalta kahden ohjelmanumeron my\u00f6t\u00e4: puheenjohtamme <strong>Jussi Jaakkola<\/strong> esitteli kyl\u00e4yhdistyksemme toimintaa vuosien varrelta. Esittelimme t\u00e4n\u00e4 vuonna omassa leikkimielisess\u00e4 muotin\u00e4yt\u00f6ksess\u00e4mme 80-luvun muotia oman kyl\u00e4n mallien voimin, sill\u00e4 kyl\u00e4yhdistyksemme on perustettu vuonna 1981. Lis\u00e4ksi kyl\u00e4yhdistys on t\u00e4n\u00e4 vuonna ker\u00e4nnyt vanhoja Rautilan kyl\u00e4n talojen valokuvia. Niiden oheen kyl\u00e4n taloja on tallennettu t\u00e4m\u00e4nhetkisess\u00e4 kuosissaan. T\u00e4st\u00e4 syntyi Rautila ennen ja nyt -valokuvan\u00e4yt\u00f6s ja virtuaalikyl\u00e4k\u00e4vely, jonka oppaana toimi <strong>Soila Jaakkola<\/strong>. Markkinoilla saattoi my\u00f6s tunnistaa valokuvista Rautilan ja Irjalan kylien yksityiskohtia leikkimielisess\u00e4 kuvatunnistuskilpailussa. Vastanneiden kesken arvotun kyl\u00e4yhdistyksen tuotekassin voitti <strong>Jaana Olkkonen<\/strong> &#8211; onnea! Possupeliss\u00e4 kaksi kilpailijaa heitti saman tuloksen ja arvonnassa saunaviikonlopun voitto osui <strong>Timo Mattilalle<\/strong> &#8211; l\u00e4mpim\u00e4t onnittelut!<\/p>\n\n\n\n<p>Markkinoihin kuuluu olennaisena osana musiikki ja sit\u00e4 esittiv\u00e4t <strong>Kapteeni Vahto ja Luntreijarit eli Jani Vahto (laulu), Laura Varjo (koskettimet) ja Jarmo Kankaanranta (huilu, saksofoni)<\/strong>. Ohjelmaamme on perinteisesti aina kuulunut my\u00f6s paikallisen vaateliikkeen muotin\u00e4yt\u00f6s: <strong>Cool &amp; Classyn Anne Raitakari<\/strong> esitteli liikkeens\u00e4 tarjontaa. Lasten ohjelmassa oli poniratsastusta, kepparirata, ongintaa, ilmapallon koristelua, <strong>Vehmaan MLL<\/strong>:n j\u00e4rjest\u00e4m\u00e4 pomppulinna, partiolippukunta <strong>Vehmaan Lustasten<\/strong> tavara-arvuuttelu sek\u00e4 <strong>Rautilan VPK<\/strong>:n labyrinttipeli ja sammutusteht\u00e4v\u00e4 n\u00e4ytteill\u00e4 olevien paloautojen ohessa. Kyl\u00e4yhdistyksen puffetista saattoi nauttia kahvilatuotteita ja jauhelihakeittoa, jonka ainekset olivat l\u00e4hialueiden tuottajilta ja <strong>MTK-Vehmaan<\/strong> lahjoittamat. Kiitokset kaikille yhteisty\u00f6kumppaneillemme.<\/p>\n\n\n\n<p>N\u00e4hd\u00e4\u00e4n j\u00e4lleen vuoden p\u00e4\u00e4st\u00e4!<\/p>\n\n\n\n<p><strong>Kuvat ja teksti \u00a9 Rautilan-Irjalan kyl\u00e4yhdistys ry, Soila Jaakkola<\/strong><\/p>\n\n\n\n<figure class=\"wp-block-image is-resized\"><img loading=\"lazy\" decoding=\"async\" src=\"https:\/\/rautila.fi\/kuvat_rautila\/Syysmarkkinat2022\/nuori myyja.jpg\" alt=\"\" width=\"303\" height=\"202\"\/><\/figure>\n\n\n\n<p>Nuoria myyji\u00e4 mukana Syysmarkkinoilla<\/p>\n\n\n\n<figure class=\"wp-block-image size-full\"><img loading=\"lazy\" decoding=\"async\" width=\"300\" height=\"200\" src=\"https:\/\/rautila.fi\/wp-content\/uploads\/2023\/06\/image-1.png\" alt=\"\" class=\"wp-image-735\"\/><\/figure>\n\n\n\n<p>Arpojenmyynti\u00e4 ja arpavoittojen saajia<\/p>\n\n\n\n<figure class=\"wp-block-image is-resized\"><img loading=\"lazy\" decoding=\"async\" src=\"https:\/\/rautila.fi\/kuvat_rautila\/Syysmarkkinat2022\/kuvatunnistus.jpg\" alt=\"\" width=\"300\" height=\"200\"\/><\/figure>\n\n\n\n<p>Kuvatunnistusta Rautilan ja Irjalan kylien alueilta<\/p>\n\n\n\n<figure class=\"wp-block-image is-resized\"><img loading=\"lazy\" decoding=\"async\" src=\"https:\/\/rautila.fi\/kuvat_rautila\/Syysmarkkinat2022\/keppari.jpg\" alt=\"\" width=\"301\" height=\"201\"\/><\/figure>\n\n\n\n<p>Vauhtia keppariradalla<\/p>\n\n\n\n<figure class=\"wp-block-image is-resized\"><img loading=\"lazy\" decoding=\"async\" src=\"https:\/\/rautila.fi\/kuvat_rautila\/Syysmarkkinat2022\/pomppu.jpg\" alt=\"\" width=\"301\" height=\"201\"\/><\/figure>\n\n\n\n<p>Vehmaan MLL:n pomppulinna ja Partiolippukunta Lustasten piste<\/p>\n\n\n\n<figure class=\"wp-block-image is-resized\"><img loading=\"lazy\" decoding=\"async\" src=\"https:\/\/rautila.fi\/kuvat_rautila\/Syysmarkkinat2022\/vpk.jpg\" alt=\"\" width=\"305\" height=\"204\"\/><\/figure>\n\n\n\n<p>Rautilan VPK paloautot kiinnostavat<\/p>\n\n\n\n<figure class=\"wp-block-image is-resized\"><img loading=\"lazy\" decoding=\"async\" src=\"https:\/\/rautila.fi\/kuvat_rautila\/Syysmarkkinat2022\/makkarateltta.jpg\" alt=\"\" width=\"315\" height=\"210\"\/><\/figure>\n\n\n\n<p>Vipin\u00e4\u00e4 RIKYn makkarateltalla<\/p>\n\n\n\n<figure class=\"wp-block-image is-resized\"><img loading=\"lazy\" decoding=\"async\" src=\"https:\/\/rautila.fi\/kuvat_rautila\/Syysmarkkinat2022\/possupeli.jpg\" alt=\"\" width=\"317\" height=\"212\"\/><\/figure>\n\n\n\n<p> Possupeli k\u00e4ynniss\u00e4<\/p>\n\n\n\n<figure class=\"wp-block-image is-resized\"><img loading=\"lazy\" decoding=\"async\" src=\"https:\/\/rautila.fi\/kuvat_rautila\/Syysmarkkinat2022\/kapteeni vahto.jpg\" alt=\"\" width=\"214\" height=\"322\"\/><\/figure>\n\n\n\n<p>Kapteeni Vahto ja toinen Luntreijareista<\/p>\n\n\n\n<figure class=\"wp-block-image is-resized\"><img loading=\"lazy\" decoding=\"async\" src=\"https:\/\/rautila.fi\/kuvat_rautila\/Syysmarkkinat2022\/kala.jpg\" alt=\"\" width=\"323\" height=\"216\"\/><\/figure>\n\n\n\n<p> Ongen p\u00e4\u00e4ss\u00e4 taitaa olla &#8221;KALA&#8221;!<\/p>\n\n\n\n<figure class=\"wp-block-image is-resized\"><img loading=\"lazy\" decoding=\"async\" src=\"https:\/\/rautila.fi\/kuvat_rautila\/Syysmarkkinat2022\/mallit.jpg\" alt=\"\" width=\"325\" height=\"217\"\/><\/figure>\n\n\n\n<p>Cool &amp; Classyn juhlapukumuotia<\/p>\n\n\n\n<figure class=\"wp-block-image is-resized\"><img loading=\"lazy\" decoding=\"async\" src=\"https:\/\/rautila.fi\/kuvat_rautila\/Syysmarkkinat2022\/kasaria.jpg\" alt=\"\" width=\"331\" height=\"221\"\/><\/figure>\n\n\n\n<p>RIKYn kasarimuotin\u00e4yt\u00f6ksen juhlapukumuotia, juontajana Pirkko Tammelin<\/p>\n\n\n\n<figure class=\"wp-block-image is-resized\"><img loading=\"lazy\" decoding=\"async\" src=\"https:\/\/rautila.fi\/kuvat_rautila\/Syysmarkkinat2022\/kasaria2.jpg\" alt=\"\" width=\"204\" height=\"307\"\/><\/figure>\n\n\n\n<figure class=\"wp-block-image is-resized\"><img loading=\"lazy\" decoding=\"async\" src=\"https:\/\/rautila.fi\/kuvat_rautila\/Syysmarkkinat2022\/kasaria3.jpg\" alt=\"\" width=\"347\" height=\"232\"\/><\/figure>\n\n\n\n<p>Lis\u00e4\u00e4 kasarimuotin\u00e4yt\u00f6ksen kuvasatoa<\/p>\n\n\n\n<hr class=\"wp-block-separator has-alpha-channel-opacity is-style-wide\"\/>\n\n\n\n<p id=\"hein\u00e4kuun-tapahtumat\"><strong>Ti 19.7. tehtiin retki Laajoen kes\u00e4teatteriin.<\/strong> T\u00e4m\u00e4n vuoden n\u00e4yt\u00f6ksen nimi oli Tuhannen riemun rys\u00e4. Kristiinan bussissa 29 retkel\u00e4ist\u00e4.<\/p>\n\n\n\n<p><strong>18.-22.7. <\/strong>vietettiin perinteinen Vehmaan ja Taivassalon kunnan yhteinen <strong>uimakouluviikko<\/strong> Rautilan uimarannalla ja saunassa.<\/p>\n\n\n\n<p><strong>Ti 5.7.<\/strong> tehtiin 21 j\u00e4senen voimin koko p\u00e4iv\u00e4n <strong>kes\u00e4retki<\/strong> Kristiinan bussilla. Vierailukohteina olivat Syrj\u00e4m\u00e4n taidekoti Villa Ville Orip\u00e4\u00e4ss\u00e4, Suomen maatalousmuseo Sarka Loimaalla, Atelj\u00e9 Helj\u00e4 ja Pekka Leinon ker\u00e4ilytavaran\u00e4yttely sek\u00e4 kauppakeskus Humppilan Lasi Humppilassa.<\/p>\n\n\n\n<p><strong>La 2.7.<\/strong> osallistuttiin <strong>Hyv\u00e4\u00e4 Vehmaalla<\/strong> -tapahtumaan arpojen, onginnan ja tuotemyynnin merkeiss\u00e4.<\/p>\n\n\n\n<p id=\"kev\u00e4\u00e4n-tapahtumat\"><strong>La 28.5. <\/strong>pidettiin perinteiset<strong> puu- ja siivoustalkoot <\/strong>saunalla, mukana 15 aktiivia &#8211; kiitos osallistujille!<\/p>\n\n\n\n<p><strong>Su 22.5. yhdistyksen s\u00e4\u00e4nt\u00f6m\u00e4\u00e4r\u00e4inen kev\u00e4tkokous<\/strong> Rautilan saunalla<\/p>\n\n\n\n<p><strong>Su 20.2. Musaluistelu Irjalan kent\u00e4ll\u00e4.<\/strong> Noin 70 luistelijaa nautti hyv\u00e4st\u00e4 j\u00e4\u00e4st\u00e4, aurinkoisesta kelist\u00e4 ja kuumasta mehusta. My\u00f6s makkaraa paistettiin runsaasti.<\/p>\n\n\n\n<p><strong>Pe 18.2. Rautilan sauna ja kylm\u00e4uinti pystyttiin j\u00e4lleen avaamaan.<\/strong><\/p>\n\n\n\n<hr class=\"wp-block-separator has-alpha-channel-opacity\"\/>\n","protected":false},"excerpt":{"rendered":"<p>10.12. Irjalan kentt\u00e4 valmistui luistelijoille Ti 6.12. puhe ja seppeltenlasku sankarihaudoille itsen\u00e4isyysp\u00e4iv\u00e4n jumalanpalveluksen yhteydess\u00e4. Jussi Jaakkolan kirjoittaman puheen piti Tapio Ranta ja kuusi henkil\u00f6\u00e4 toimi airueina ja lipunkantajina. La 12.11. pikkujouluretki. Kohteina Legomuseo Kyr\u00f6ss\u00e4, Johanna Oraksen koti ja Yrj\u00f6 Liipolan &hellip; <a href=\"https:\/\/rautila.fi\/index.php\/tapahtumat\/menneet-tapahtumat\/v2022\/\">Lue loppuun <span class=\"meta-nav\">&rarr;<\/span><\/a><\/p>\n","protected":false},"author":1,"featured_media":0,"parent":21,"menu_order":1,"comment_status":"closed","ping_status":"closed","template":"onecolumn-page.php","meta":{"footnotes":""},"class_list":["post-728","page","type-page","status-publish","hentry"],"_links":{"self":[{"href":"https:\/\/rautila.fi\/index.php\/wp-json\/wp\/v2\/pages\/728","targetHints":{"allow":["GET"]}}],"collection":[{"href":"https:\/\/rautila.fi\/index.php\/wp-json\/wp\/v2\/pages"}],"about":[{"href":"https:\/\/rautila.fi\/index.php\/wp-json\/wp\/v2\/types\/page"}],"author":[{"embeddable":true,"href":"https:\/\/rautila.fi\/index.php\/wp-json\/wp\/v2\/users\/1"}],"replies":[{"embeddable":true,"href":"https:\/\/rautila.fi\/index.php\/wp-json\/wp\/v2\/comments?post=728"}],"version-history":[{"count":13,"href":"https:\/\/rautila.fi\/index.php\/wp-json\/wp\/v2\/pages\/728\/revisions"}],"predecessor-version":[{"id":748,"href":"https:\/\/rautila.fi\/index.php\/wp-json\/wp\/v2\/pages\/728\/revisions\/748"}],"up":[{"embeddable":true,"href":"https:\/\/rautila.fi\/index.php\/wp-json\/wp\/v2\/pages\/21"}],"wp:attachment":[{"href":"https:\/\/rautila.fi\/index.php\/wp-json\/wp\/v2\/media?parent=728"}],"curies":[{"name":"wp","href":"https:\/\/api.w.org\/{rel}","templated":true}]}}