{"id":47,"date":"2023-04-21T12:40:26","date_gmt":"2023-04-21T12:40:26","guid":{"rendered":"https:\/\/rautila.fi\/wordpress\/?page_id=47"},"modified":"2026-03-04T14:12:50","modified_gmt":"2026-03-04T14:12:50","slug":"etusivu-2","status":"publish","type":"page","link":"https:\/\/rautila.fi\/","title":{"rendered":"Etusivu"},"content":{"rendered":"<p>\u00a0 \u00a0 \u00a0 \u00a0 \u00a0 \u00a0 \u00a0 \u00a0 \u00a0 \u00a0 \u00a0 \u00a0<strong><span style=\"color: #ff0000;\">Tulevat tapahtumat ja ajank<span style=\"color: #ff0000;\">ohtaiset tiedotteet l\u00f6ytyv\u00e4t\u00a0 \u00a0 \u00a0 \u00a0 \u00a0 \u00a0 \u00a0 \u00a0 \u00a0 \u00a0 \u00a0 \u00a0 \u00a0 \u00a0 \u00a0 \u00a0 \u00a0 \u00a0 \u00a0 \u00a0 \u00a0 \u00a0 \u00a0 \u00a0 sivun oikeasta reunasta, kohdasta ajankohtaista\u00a0 \u2192 \u2192 \u2192\u00a0<\/span><\/span><\/strong><\/p>\r\n<p>Nelj\u00e4kymmenvuotias <strong>Rautilan-Irjalan kyl\u00e4yhdistys<\/strong> on kahden vehmaalaisen kyl\u00e4n &#8211; Rautilan ja Irjalan &#8211; yhteinen yhdistys. Yhdistys muotoutui alunperin kylien koulupiirien ymp\u00e4rille, nyky\u00e4\u00e4n alueen koululaiset kuljetetaan Vinkkil\u00e4n kuntakeskukseen opiskelemaan.<\/p>\r\n<!-- \/wp:post-content -->\r\n\r\n<!-- wp:paragraph -->\r\n<p>Yhdistyksemme teht\u00e4v\u00e4n\u00e4 on toiminta-alueensa kaikenpuolinen kehitt\u00e4minen, yhteistoiminnan ja palvelujen edist\u00e4minen sek\u00e4 yhteisten etujen ajaminen.<\/p>\r\n<!-- \/wp:paragraph -->\r\n\r\n<!-- wp:paragraph -->\r\n<p>Yhdistyksemme keskeisi\u00e4 toimintamuotoja ovat<\/p>\r\n<!-- \/wp:paragraph -->\r\n\r\n<!-- wp:list -->\r\n<ul class=\"wp-block-list\"><!-- wp:list-item -->\r\n<li>uinti- ja saunomismahdollisuuden tarjoaminen yhdistyksen rantasaunalla: kaikille avoin kes\u00e4sauna arki-iltaisin kes\u00e4kuusta elokuulle sek\u00e4 maksullinen kylm\u00e4uinti perjantaisin talvikaudella<\/li>\r\n<!-- \/wp:list-item -->\r\n\r\n<!-- wp:list-item -->\r\n<li>rantasaunan vuokraus<\/li>\r\n<!-- \/wp:list-item -->\r\n\r\n<!-- wp:list-item -->\r\n<li>tapahtumien j\u00e4rjest\u00e4minen, mm. Rautilan Syysmarkkinat<\/li>\r\n<!-- \/wp:list-item -->\r\n\r\n<!-- wp:list-item -->\r\n<li>Irjalan kent\u00e4n yll\u00e4pito<\/li>\r\n<!-- \/wp:list-item -->\r\n\r\n<!-- wp:list-item -->\r\n<li>verkkosivujen ja fb-sivun yll\u00e4pito<\/li>\r\n<!-- \/wp:list-item -->\r\n\r\n<!-- wp:list-item -->\r\n<li>klapi- ja halkomakoneen vuokraus<\/li>\r\n<!-- \/wp:list-item -->\r\n\r\n<!-- wp:list-item -->\r\n<li>inkkari-kanoottien lainausmahdollisuus kes\u00e4isin Rautilan uimarannalla<\/li>\r\n<!-- \/wp:list-item -->\r\n\r\n<!-- wp:list-item \/--><\/ul>\r\n<!-- \/wp:list -->","protected":false},"excerpt":{"rendered":"<p>\u00a0 \u00a0 \u00a0 \u00a0 \u00a0 \u00a0 \u00a0 \u00a0 \u00a0 \u00a0 \u00a0 \u00a0Tulevat tapahtumat ja ajankohtaiset tiedotteet l\u00f6ytyv\u00e4t\u00a0 \u00a0 \u00a0 \u00a0 \u00a0 \u00a0 \u00a0 \u00a0 \u00a0 \u00a0 \u00a0 \u00a0 \u00a0 \u00a0 \u00a0 \u00a0 \u00a0 \u00a0 \u00a0 \u00a0 \u00a0 \u00a0 \u00a0 \u00a0 &hellip; <a href=\"https:\/\/rautila.fi\/\">Lue loppuun <span class=\"meta-nav\">&rarr;<\/span><\/a><\/p>\n","protected":false},"author":1,"featured_media":0,"parent":0,"menu_order":0,"comment_status":"closed","ping_status":"closed","template":"","meta":{"footnotes":""},"class_list":["post-47","page","type-page","status-publish","hentry"],"_links":{"self":[{"href":"https:\/\/rautila.fi\/index.php\/wp-json\/wp\/v2\/pages\/47","targetHints":{"allow":["GET"]}}],"collection":[{"href":"https:\/\/rautila.fi\/index.php\/wp-json\/wp\/v2\/pages"}],"about":[{"href":"https:\/\/rautila.fi\/index.php\/wp-json\/wp\/v2\/types\/page"}],"author":[{"embeddable":true,"href":"https:\/\/rautila.fi\/index.php\/wp-json\/wp\/v2\/users\/1"}],"replies":[{"embeddable":true,"href":"https:\/\/rautila.fi\/index.php\/wp-json\/wp\/v2\/comments?post=47"}],"version-history":[{"count":21,"href":"https:\/\/rautila.fi\/index.php\/wp-json\/wp\/v2\/pages\/47\/revisions"}],"predecessor-version":[{"id":1191,"href":"https:\/\/rautila.fi\/index.php\/wp-json\/wp\/v2\/pages\/47\/revisions\/1191"}],"wp:attachment":[{"href":"https:\/\/rautila.fi\/index.php\/wp-json\/wp\/v2\/media?parent=47"}],"curies":[{"name":"wp","href":"https:\/\/api.w.org\/{rel}","templated":true}]}}