{"id":394,"date":"2023-05-07T17:12:27","date_gmt":"2023-05-07T17:12:27","guid":{"rendered":"https:\/\/rautila.fi\/wordpress\/?page_id=394"},"modified":"2023-06-28T15:52:02","modified_gmt":"2023-06-28T15:52:02","slug":"v2016","status":"publish","type":"page","link":"https:\/\/rautila.fi\/index.php\/tapahtumat\/menneet-tapahtumat\/v2016\/","title":{"rendered":"2016"},"content":{"rendered":"\n<p id=\"alku\"><strong>Joulugl\u00f6git saunalla pe 23.12 ja joulusauna 24.12.<\/strong> Nautittiin avantouinnista ja joulunajasta.<\/p>\n\n\n\n<p><strong>Kyl\u00e4yhdistyksen pikkujoulut j\u00e4senille la 10.12.<\/strong> Himoisten vanhalla kyl\u00e4koululla. Paikalla 32 j\u00e4sent\u00e4 eli yli kolmasosa j\u00e4senist\u00f6st\u00e4! Nautimme jouluruoasta ja hauskasta ohjelmasta. Kiitokset kaikille osallistujille, joulupukille ja etenkin Pirkko ja Heikki Tammelinille!<\/p>\n\n\n\n<figure class=\"wp-block-image\"><img decoding=\"async\" src=\"https:\/\/rautila.fi\/kuvat_rautila\/joulujuhla1.jpg\" alt=\"\"\/><\/figure>\n\n\n\n<figure class=\"wp-block-image\"><img decoding=\"async\" src=\"https:\/\/rautila.fi\/kuvat_rautila\/pikkujoulut2.jpg\" alt=\"\"\/><\/figure>\n\n\n\n<figure class=\"wp-block-image\"><img decoding=\"async\" src=\"https:\/\/rautila.fi\/kuvat_rautila\/pikkujoulut3.jpg\" alt=\"\"\/><\/figure>\n\n\n\n<figure class=\"wp-block-image\"><img decoding=\"async\" src=\"https:\/\/rautila.fi\/kuvat_rautila\/pikkujoulut5.jpg\" alt=\"\"\/><\/figure>\n\n\n\n<figure class=\"wp-block-image\"><img decoding=\"async\" src=\"https:\/\/rautila.fi\/kuvat_rautila\/pikkujoulut4.jpg\" alt=\"\"\/><\/figure>\n\n\n\n<p><strong>Perfect Home -tuote-esittely saunalla su 27.11<\/strong>. Sisustustuotteita esitteli Tarja Arola ja em\u00e4nt\u00e4n\u00e4 toimi Eeva Lahtivuo. Paikalla yhteens\u00e4 10 hl\u00f6\u00e4.<\/p>\n\n\n\n<p><strong>Kiukaanvaihtotalkoot saunalla la 26.11.<\/strong> Kiuas saatiin asennettua paikoilleen kuuden miehen voimin ja grilliev\u00e4\u00e4t nautittiin. Kiitokset talkoov\u00e4elle: \u00c5ke H, Heikki H, Heikki J, Osmo K, Mervi N, Kimmo R ja Helin\u00e4 S.<\/p>\n\n\n\n<figure class=\"wp-block-image\"><img decoding=\"async\" src=\"https:\/\/rautila.fi\/kuvat_rautila\/kiuas1.jpg\" alt=\"\"\/><\/figure>\n\n\n\n<figure class=\"wp-block-image\"><img decoding=\"async\" src=\"https:\/\/rautila.fi\/kuvat_rautila\/kiuas2.jpg\" alt=\"\"\/><\/figure>\n\n\n\n<p>Vanha kiuas pois ja uusi sis\u00e4\u00e4n!<\/p>\n\n\n\n<p><strong>Evelace-tuote-esittely su 23.10. saunalla<\/strong>. Alusasuja esitteli naisvaltaiselle kuulijakunnalle Helj\u00e4 Antola. Tilaisuuden em\u00e4nn\u00f6i Helin\u00e4 Sepp\u00e4l\u00e4. Paikalla yhteens\u00e4 14 hl\u00f6\u00e4.<\/p>\n\n\n\n<p><strong>Syystalkoot rantasaunalla la 15.10.<\/strong> Kannettiin puut sis\u00e4\u00e4n, maalattiin rakennusten p\u00e4\u00e4dyt ja siivottiin. Puuhien lomassa nautittiin hernekeittolounas ja kahvit. Kiitokset talkoolaisille: Veli-Matti A, Heikki J, Osmo K, Kimmo R, Helin\u00e4 S, Jali S, Heikki V &amp; Oili V.<\/p>\n\n\n\n<figure class=\"wp-block-image\"><img decoding=\"async\" src=\"https:\/\/rautila.fi\/kuvat_rautila\/syystalkoot2016.jpg\" alt=\"\"\/><\/figure>\n\n\n\n<figure class=\"wp-block-image\"><img decoding=\"async\" src=\"https:\/\/rautila.fi\/kuvat_rautila\/syystalkoot2 2016.jpg\" alt=\"\"\/><\/figure>\n\n\n\n<hr class=\"wp-block-separator has-alpha-channel-opacity\"\/>\n\n\n\n<p><strong>Rautilan Syysmarkkinat 4.9. Vehmassalmen tanssilavalla<\/strong><\/p>\n\n\n\n<p>Kiitokset kaikille osallistujille: k\u00e4vij\u00f6ille, myyjille, n\u00e4ytteilleasettajille, Vuorelan Katille &amp; mannekiineille, Liisa Jalavalle &amp; facebookryhm\u00e4l\u00e4isille, Kirppu-ponille &amp; huoltojoukoille, Essille kasvomaalauksista, kirppisporukalle, arpajaispalkinnon lahjoittaneille kuin j\u00e4rjestelyihin osallistuneille. Kiitokset my\u00f6s kyl\u00e4yhdistyksen kautta tuotteitaan myyntiin asettaneille: Isotorpan tila (kurkut), Teppo Laaksonen (hunaja), Saariston Leip\u00e4 ja Kauppapuutarha Verso (kukat).<\/p>\n\n\n\n<p>Rautilan rantasaunan saunaviikonlopun voitti tikkakisassa Matti Pelletvuori, 40 pistett\u00e4. Onnea!<\/p>\n\n\n\n<figure class=\"wp-block-image\"><img decoding=\"async\" src=\"https:\/\/rautila.fi\/kuvat_rautila\/Syysmarkkinat16\/sisamyyntia.jpg\" alt=\"\"\/><\/figure>\n\n\n\n<figure class=\"wp-block-image\"><img decoding=\"async\" src=\"https:\/\/rautila.fi\/kuvat_rautila\/Syysmarkkinat16\/ulkomyyntia.jpg\" alt=\"\"\/><\/figure>\n\n\n\n<p>Myynti\u00e4 sis\u00e4ll\u00e4 ja ulkona Rautilan Syysmarkkinoilla<\/p>\n\n\n\n<figure class=\"wp-block-image\"><img decoding=\"async\" src=\"https:\/\/rautila.fi\/kuvat_rautila\/Syysmarkkinat16\/soppajono.jpg\" alt=\"\"\/><\/figure>\n\n\n\n<figure class=\"wp-block-image\"><img decoding=\"async\" src=\"https:\/\/rautila.fi\/kuvat_rautila\/Syysmarkkinat16\/tikkakisa.jpg\" alt=\"\"\/><\/figure>\n\n\n\n<p>Asiakkaita jonottaa keittolounaalle \/ Tikkakisa k\u00e4ynniss\u00e4<\/p>\n\n\n\n<figure class=\"wp-block-image\"><img decoding=\"async\" src=\"https:\/\/rautila.fi\/kuvat_rautila\/Syysmarkkinat16\/liisa jalava.jpg\" alt=\"\"\/><\/figure>\n\n\n\n<figure class=\"wp-block-image\"><img decoding=\"async\" src=\"https:\/\/rautila.fi\/kuvat_rautila\/Syysmarkkinat16\/vpk valistaa.jpg\" alt=\"\"\/><\/figure>\n\n\n\n<figure class=\"wp-block-image\"><img decoding=\"async\" src=\"https:\/\/rautila.fi\/kuvat_rautila\/Syysmarkkinat16\/pirkko juontaa.jpg\" alt=\"\"\/><\/figure>\n\n\n\n<p>Liisa &amp; Facebook-ryhm\u00e4 \/ Rautilan VPK valistaa \/ Pirkko juontaa muotin\u00e4yt\u00f6st\u00e4<\/p>\n\n\n\n<figure class=\"wp-block-image\"><img decoding=\"async\" src=\"https:\/\/rautila.fi\/kuvat_rautila\/Syysmarkkinat16\/muotinaytos1.jpg\" alt=\"\"\/><\/figure>\n\n\n\n<figure class=\"wp-block-image\"><img decoding=\"async\" src=\"https:\/\/rautila.fi\/kuvat_rautila\/Syysmarkkinat16\/muotinaytos4.jpg\" alt=\"\"\/><\/figure>\n\n\n\n<figure class=\"wp-block-image\"><img decoding=\"async\" src=\"https:\/\/rautila.fi\/kuvat_rautila\/Syysmarkkinat16\/muotinaytos7.jpg\" alt=\"\"\/><\/figure>\n\n\n\n<p>Vaateliike Seepran j\u00e4rjest\u00e4m\u00e4 muotin\u00e4yt\u00f6s<\/p>\n\n\n\n<figure class=\"wp-block-image\"><img decoding=\"async\" src=\"https:\/\/rautila.fi\/kuvat_rautila\/Syysmarkkinat16\/yleiso1.jpg\" alt=\"\"\/><\/figure>\n\n\n\n<figure class=\"wp-block-image\"><img decoding=\"async\" src=\"https:\/\/rautila.fi\/kuvat_rautila\/Syysmarkkinat16\/yleiso2.jpg\" alt=\"\"\/><\/figure>\n\n\n\n<p>Muotin\u00e4yt\u00f6s ker\u00e4si paljon katsojia<\/p>\n\n\n\n<figure class=\"wp-block-image\"><img decoding=\"async\" src=\"https:\/\/rautila.fi\/kuvat_rautila\/Syysmarkkinat16\/Kirppu-ponin kyydissa.jpg\" alt=\"\"\/><\/figure>\n\n\n\n<figure class=\"wp-block-image\"><img decoding=\"async\" src=\"https:\/\/rautila.fi\/kuvat_rautila\/Syysmarkkinat16\/Vilmaa maalataan.jpg\" alt=\"\"\/><\/figure>\n\n\n\n<p>Lastenohjelmassa mm. Kirppu-poni, kasvomaalausta, ongintaa, paloautoja<\/p>\n\n\n\n<hr class=\"wp-block-separator has-alpha-channel-opacity\"\/>\n\n\n\n<p><strong>Tour de Vehmaa -py\u00f6r\u00e4ilytapahtuman vierailukohde nro 3: Rautilan rantasauna su 31.7. <\/strong> Mehutauolle pys\u00e4htyi vieraskirjan mukaan 35 py\u00f6r\u00e4ilij\u00e4\u00e4. Rantasaunalla oli my\u00f6s Vehmaan vesist\u00f6jen hoito- ja suojeluyhdistyksen infopiste.<\/p>\n\n\n\n<p><strong> Retki Laajoen kes\u00e4teatteriin<\/strong> &#8221;Akka vaikka v\u00e4kisin&#8221; su 31.7. Rannan Tapio n\u00e4ytteli mainiosti Unto V\u00e4liahoa, Er\u00e4veikkojen ex-puheenjohtajaa. Kyl\u00e4yhdistysl\u00e4isi\u00e4 ja Rautilan VPK-laisia oli Holmbergin Kristiinan bussissa mukana 48.<\/p>\n\n\n\n<figure class=\"wp-block-image\"><img decoding=\"async\" src=\"https:\/\/rautila.fi\/kuvat_rautila\/tapsa.jpg\" alt=\"\"\/><\/figure>\n\n\n\n<p><strong>Nostalgiatanssit Vehmassalmen lavalla la 23.7.<\/strong> Esiintym\u00e4ss\u00e4 oli Juha Hostikka &amp; Dallap\u00e9 ja The Sharks. Kyl\u00e4yhdistys j\u00e4rjesti puffetin ja makkaramyynnin.<\/p>\n\n\n\n<figure class=\"wp-block-image\"><img decoding=\"async\" src=\"https:\/\/rautila.fi\/kuvat_rautila\/dallapetanssit.jpg\" alt=\"\"\/><\/figure>\n\n\n\n<p><strong>Takalaatikkokirppis Rautilan VPK:n pihalla ke 13.7. <\/strong>Myyji\u00e4 paikalla seitsem\u00e4n. Kauppa k\u00e4vi aurinkoisessa s\u00e4\u00e4ss\u00e4. Erityiskiitos Urpin Tuulalle sormustinkukkien, k\u00e4silaukkujen ja lompakkojen myyntituoton lahjoittamisesta kyl\u00e4yhdistykselle!<\/p>\n\n\n\n<p><strong>Uusi musta penkki<\/strong> Rautilan rantasaunalle tilattiin Manun kestokalusteesta.<\/p>\n\n\n\n<figure class=\"wp-block-image\"><img decoding=\"async\" src=\"https:\/\/rautila.fi\/kuvat_rautila\/penkki.jpg\" alt=\"\"\/><\/figure>\n\n\n\n<p><strong>Vehmassalmen vesikasvien poiston\u00e4yt\u00f6s Kaislikossa Suhisi 12.-13.7.<\/strong> Kyl\u00e4yhdistyksen sauna toimi huoltopisteen\u00e4 Vehmaan vesist\u00f6jen hoito- ja suojeluyhdistyksen (VeVe) j\u00e4rjest\u00e4m\u00e4ss\u00e4 tempauksessa. Kyl\u00e4yhdistys huolehti niittov\u00e4en muonituksen. Keittolounailla ja voileip\u00e4kahvilla oli molempina p\u00e4ivin\u00e4 25 talkoolaista. Kuva otettu Rautilan rantasaunan laiturin p\u00e4\u00e4st\u00e4 kaislojen niitosta.<\/p>\n\n\n\n<figure class=\"wp-block-image\"><img decoding=\"async\" src=\"https:\/\/rautila.fi\/kuvat_rautila\/niitto1.jpg\" alt=\"\"\/><\/figure>\n\n\n\n<p><strong>Retki Wanha-Vinkkil\u00e4n kes\u00e4teatteriin<\/strong> &#8221;Kahen akan loukussa&#8221; su 3.7. Sihteerimme Pirkko Tammelin loisti Bertta-anopin roolissa t\u00e4ydelle katsomolle. Kyl\u00e4yhdistyksen voimin paikkoja t\u00e4ytettiin 30.<\/p>\n\n\n\n<figure class=\"wp-block-image\"><img decoding=\"async\" src=\"https:\/\/rautila.fi\/kuvat_rautila\/pirkko.jpg\" alt=\"\"\/><\/figure>\n\n\n\n<p><strong>Takalaatikkokirppis Rautilan VPK:n pihalla ke 15.6.<\/strong> Myyji\u00e4 oli paikalla kuusi. Kauppa k\u00e4vi ja puffetista nautittiin mm. raparperipiirakkaa.<\/p>\n\n\n\n<figure class=\"wp-block-image\"><img decoding=\"async\" src=\"https:\/\/rautila.fi\/kuvat_rautila\/flea market.jpg\" alt=\"\"\/><\/figure>\n\n\n\n<p><strong>Hyv\u00e4\u00e4 Vehmaalla -tapahtumassa la 11.6.<\/strong> kojustamme l\u00f6ytyi arpajaiset sek\u00e4 ongintaa lapsille. Kiit\u00e4mme tuesta! Kiitokset my\u00f6s kaikille arpajaispalkintoja lahjoittaneille: Askondi, Kalannin S\u00e4\u00e4st\u00f6pankki Vehmaan konttori, L\u00e4hitapiola, Manun kestokaluste, Merililian, Parturi-Kampaamo Kati, PK-Puu, Siwa Vehmaa, S-Market Vehmaa, St1, TeeTee Tarvike, Torpparin tupa, Turun AsennusTeam, Turun Seudun Osuuspankki Vehmaan konttori ja Vehmaan apteekki.<\/p>\n\n\n\n<figure class=\"wp-block-image\"><img decoding=\"async\" src=\"https:\/\/rautila.fi\/kuvat_rautila\/HV2016.jpg\" alt=\"\"\/><\/figure>\n\n\n\n<figure class=\"wp-block-image\"><img decoding=\"async\" src=\"https:\/\/rautila.fi\/kuvat_rautila\/HV2016penkki.jpg\" alt=\"\"\/><\/figure>\n\n\n\n<p><strong>Siivous-, maalaus- ja puutalkoot saunalla la 28.5. <\/strong>Kiitokset kaikille talkoolaisille: Veli-Matti A, Janne A, Riku A, Marja H, \u00c5ke H, Heikki J, Veikko K, Mervi N, Kimmo R, Leila-Maija S, Monica S, Helin\u00e4 S ja Jali S.<\/p>\n\n\n\n<figure class=\"wp-block-image\"><img decoding=\"async\" src=\"https:\/\/rautila.fi\/kuvat_rautila\/maalaustalkoot.jpg\" alt=\"\"\/><\/figure>\n\n\n\n<figure class=\"wp-block-image\"><img decoding=\"async\" src=\"https:\/\/rautila.fi\/kuvat_rautila\/maalaustalkoot2.jpg\" alt=\"\"\/><\/figure>\n\n\n\n<p><strong>Kaatuneitten muistop\u00e4iv\u00e4n 15.5. lippukulkue, seppeltenlasku sankaripatsaille ja puheenjohtaja Jussi Jaakkolan puhe Vehmaan kirkossa<\/strong><\/p>\n\n\n\n<figure class=\"wp-block-image\"><img decoding=\"async\" src=\"https:\/\/rautila.fi\/kuvat_rautila\/kaatuneiden mp2016\/kaatuneiden mp1.jpg\" alt=\"\"\/><\/figure>\n\n\n\n<figure class=\"wp-block-image\"><img decoding=\"async\" src=\"https:\/\/rautila.fi\/kuvat_rautila\/kaatuneiden mp2016\/kaatuneiden mp2.jpg\" alt=\"\"\/><\/figure>\n\n\n\n<figure class=\"wp-block-image\"><img decoding=\"async\" src=\"https:\/\/rautila.fi\/kuvat_rautila\/kaatuneiden mp2016\/kaatuneiden mp3.jpg\" alt=\"\"\/><\/figure>\n\n\n\n<figure class=\"wp-block-image\"><img decoding=\"async\" src=\"https:\/\/rautila.fi\/kuvat_rautila\/kaatuneiden mp2016\/kaatuneiden mp4.jpg\" alt=\"\"\/><\/figure>\n\n\n\n<p><strong>Yst\u00e4v\u00e4np\u00e4iv\u00e4tapahtuma 14.2. Rautilan VPK:lla<\/strong><\/p>\n\n\n\n<p>Ohjelmassa oli Rautilan VPK:n kalustoesittely, m\u00f6nkk\u00e4riajelua, savusukellusteltta sek\u00e4 kahvitarjoilu 112-p\u00e4iv\u00e4n merkeiss\u00e4. Savusukellusteltassa p\u00e4\u00e4si kokeilemaan, miten pehmolemmikin pelastaminen sankassa savussa onnistuisi. Onnistunut suoritus palkittiin leikkimielisell\u00e4 savusukellusdiplomilla ja tikkarilla.<\/p>\n\n\n\n<p>Kyl\u00e4yhdistys j\u00e4rjesti lapsille ja nuorille linnunp\u00f6ntt\u00f6pajan, myi valmiita linnunp\u00f6ntt\u00f6j\u00e4, piti arpajaiset sek\u00e4 makkara- ja hernekeittopuffetin. Lapset p\u00e4\u00e4siv\u00e4t my\u00f6s Kirppu-ponin rattaille. Kiitokset kaikille tapahtumaan osallistujille, arpavoittojen lahjoittajille (S-market Vehmaa \/ Kalannin S\u00e4\u00e4st\u00f6pankki Vehmaan konttori \/ St1 \/ yksityiset) sek\u00e4 koko tapahtuman talkoov\u00e4elle!<\/p>\n\n\n\n<figure class=\"wp-block-image\"><img decoding=\"async\" src=\"https:\/\/rautila.fi\/kuvat_rautila\/ystavanpaiva tiski.jpg\" alt=\"\"\/><\/figure>\n\n\n\n<figure class=\"wp-block-image\"><img decoding=\"async\" src=\"https:\/\/rautila.fi\/kuvat_rautila\/ystavanpaiva askartelu.jpg\" alt=\"\"\/><\/figure>\n\n\n\n<figure class=\"wp-block-image\"><img decoding=\"async\" src=\"https:\/\/rautila.fi\/kuvat_rautila\/ystavanpaiva ajelut.jpg\" alt=\"\"\/><\/figure>\n\n\n\n<figure class=\"wp-block-image\"><img decoding=\"async\" src=\"https:\/\/rautila.fi\/kuvat_rautila\/ystavanpaiva 112 paloauto.jpg\" alt=\"\"\/><\/figure>\n\n\n\n<p><strong>Irjalan kent\u00e4n j\u00e4\u00e4dytystalkoot 21.1.<\/strong> Kiitokset j\u00e4\u00e4dytysporukalle!<\/p>\n\n\n\n<p><a href=\"#alku\">[Sivun alkuun]<\/a><\/p>\n","protected":false},"excerpt":{"rendered":"<p>Joulugl\u00f6git saunalla pe 23.12 ja joulusauna 24.12. Nautittiin avantouinnista ja joulunajasta. Kyl\u00e4yhdistyksen pikkujoulut j\u00e4senille la 10.12. Himoisten vanhalla kyl\u00e4koululla. Paikalla 32 j\u00e4sent\u00e4 eli yli kolmasosa j\u00e4senist\u00f6st\u00e4! Nautimme jouluruoasta ja hauskasta ohjelmasta. Kiitokset kaikille osallistujille, joulupukille ja etenkin Pirkko ja Heikki &hellip; <a href=\"https:\/\/rautila.fi\/index.php\/tapahtumat\/menneet-tapahtumat\/v2016\/\">Lue loppuun <span class=\"meta-nav\">&rarr;<\/span><\/a><\/p>\n","protected":false},"author":1,"featured_media":0,"parent":21,"menu_order":7,"comment_status":"closed","ping_status":"closed","template":"onecolumn-page.php","meta":{"footnotes":""},"class_list":["post-394","page","type-page","status-publish","hentry"],"_links":{"self":[{"href":"https:\/\/rautila.fi\/index.php\/wp-json\/wp\/v2\/pages\/394","targetHints":{"allow":["GET"]}}],"collection":[{"href":"https:\/\/rautila.fi\/index.php\/wp-json\/wp\/v2\/pages"}],"about":[{"href":"https:\/\/rautila.fi\/index.php\/wp-json\/wp\/v2\/types\/page"}],"author":[{"embeddable":true,"href":"https:\/\/rautila.fi\/index.php\/wp-json\/wp\/v2\/users\/1"}],"replies":[{"embeddable":true,"href":"https:\/\/rautila.fi\/index.php\/wp-json\/wp\/v2\/comments?post=394"}],"version-history":[{"count":4,"href":"https:\/\/rautila.fi\/index.php\/wp-json\/wp\/v2\/pages\/394\/revisions"}],"predecessor-version":[{"id":669,"href":"https:\/\/rautila.fi\/index.php\/wp-json\/wp\/v2\/pages\/394\/revisions\/669"}],"up":[{"embeddable":true,"href":"https:\/\/rautila.fi\/index.php\/wp-json\/wp\/v2\/pages\/21"}],"wp:attachment":[{"href":"https:\/\/rautila.fi\/index.php\/wp-json\/wp\/v2\/media?parent=394"}],"curies":[{"name":"wp","href":"https:\/\/api.w.org\/{rel}","templated":true}]}}