{"id":392,"date":"2023-05-07T17:11:40","date_gmt":"2023-05-07T17:11:40","guid":{"rendered":"https:\/\/rautila.fi\/wordpress\/?page_id=392"},"modified":"2023-06-28T15:51:54","modified_gmt":"2023-06-28T15:51:54","slug":"v2017","status":"publish","type":"page","link":"https:\/\/rautila.fi\/index.php\/tapahtumat\/menneet-tapahtumat\/v2017\/","title":{"rendered":"2017"},"content":{"rendered":"\n<p id=\"alku\">Vuoden viimeiset <strong>talkoot saunalla 27.12<\/strong>: tehtiin polttopuita ja siivottiin, sek\u00e4 nautittiin voileiv\u00e4t kuuden aktiivin voimin.<\/p>\n\n\n\n<p><strong>Joulusauna 22.12.<\/strong>\/ Vehmaan el\u00e4v\u00e4n joulukalenterin luukku nro 22. M\u00e4r\u00e4ss\u00e4 keliss\u00e4 saunottiin, kastauduttiin ja nautittiin gl\u00f6git, kakut ja piparit.<\/p>\n\n\n\n<p><strong>Kyl\u00e4yhdistyksen pikkujoulut<\/strong> j\u00e4senille vietettiin la 16.12. Himoisten vanhalla kyl\u00e4koululla. Ohjelmassa oli maukkaan jouluruoan lis\u00e4ksi joululauluja, joulupukin vierailu, valokuvia, kilpailuja ja tanssia. Juhlijoita yhteens\u00e4 25.<\/p>\n\n\n\n<figure class=\"wp-block-image\"><img decoding=\"async\" src=\"https:\/\/rautila.fi\/kuvat_rautila\/pikkujoulut17.jpg\" alt=\"\"\/><\/figure>\n\n\n\n<p><strong>Mietoisten Maamiesseurantalolla myyj\u00e4isiss\u00e4<\/strong> la 9.12. myynniss\u00e4 oli tarjottimia ja kuivakakkuja. P\u00f6yt\u00e4mme sai \u00e4\u00e4nestyksess\u00e4 viidenneksi eniten \u00e4\u00e4ni\u00e4 (15 kpl) &#8211; kiitokset kaikille \u00e4\u00e4nest\u00e4jille! Myym\u00e4ss\u00e4 viiden hengen iskuryhm\u00e4.<\/p>\n\n\n\n<figure class=\"wp-block-image\"><img decoding=\"async\" src=\"https:\/\/rautila.fi\/kuvat_rautila\/Mamis.jpg\" alt=\"\"\/><\/figure>\n\n\n\n<p><strong>Evelace-tuote-esittely <\/strong>Helin\u00e4ll\u00e4 su 29.10, esittelij\u00e4n\u00e4 Helj\u00e4 Antola. Paikalla ihmisi\u00e4 salint\u00e4ydelt\u00e4 (19).<\/p>\n\n\n\n<p><strong>Arctic Nutrition -tuote-esittely<\/strong> saunalla su 17.9., esittelij\u00e4n\u00e4 Marita Ervasti. Paikalla 7 henkil\u00f6\u00e4.<\/p>\n\n\n\n<p><strong>Rautilan Syysmarkkinat su 3.9. Vehmassalmella<\/strong><\/p>\n\n\n\n<p>Kiitokset kaikille Rautilan Syysmarkkinoille osallistuneille k\u00e4vij\u00f6ille, myyjille &amp; talkoolaisille! T\u00e4n\u00e4 vuonna markkinas\u00e4\u00e4 oli mit\u00e4 ihanin ja k\u00e4vij\u00f6it\u00e4 oli runsaasti. Perinteisen tikkakisan voitti Pirkko Marku tuloksella 27 pistett\u00e4: Toivotamme l\u00e4mp\u00f6isi\u00e4 l\u00f6ylyj\u00e4 Rautilan rantasaunaviikonloppuunne!<\/p>\n\n\n\n<figure class=\"wp-block-image\"><img decoding=\"async\" src=\"https:\/\/rautila.fi\/kuvat_rautila\/Syysmarkkinat_2017\/Sirpa.jpg\" alt=\"\"\/><\/figure>\n\n\n\n<p>Perinteisten markkinoiden ohessa t\u00e4n\u00e4 vuonna ohjelmassa oli Suomi 100 &#8211; Rautila 500 -valokuvan\u00e4yttely (slideshow). Kiitokset kaikille kuvia skannaukseen lainanneille! Lis\u00e4ksi Martti Kauppila oli esittelem\u00e4ss\u00e4 oman kuvakokoelmansa helmi\u00e4. Mik\u00e4li haluat antaa kuviasi skannattavaksi viel\u00e4 my\u00f6hemmin arkistoomme, ota yhteytt\u00e4 soila.jaakkola(at)rautila.fi.<\/p>\n\n\n\n<figure class=\"wp-block-image\"><img decoding=\"async\" src=\"https:\/\/rautila.fi\/kuvat_rautila\/Syysmarkkinat_2017\/Martti_Kauppila.jpg\" alt=\"\"\/><\/figure>\n\n\n\n<figure class=\"wp-block-image\"><img decoding=\"async\" src=\"https:\/\/rautila.fi\/kuvat_rautila\/Syysmarkkinat_2017\/katsotaan_kuvia.jpg\" alt=\"\"\/><\/figure>\n\n\n\n<p>Martti Kauppila kertoo kuvistaan. \/ Suomi 100 &#8211; Rautila 500 -valokuvien yksityiskohdat her\u00e4ttiv\u00e4t keskustelua.<\/p>\n\n\n\n<p>Kuvan\u00e4yttelyn parhaaksi valokuvaksi \u00e4\u00e4nestettiin kuva nro 6, jossa oli kuvattuna Vehmassalmi-niminen h\u00f6yrylaiva miehist\u00f6ineen. Voittokuva sai 29 % \u00e4\u00e4nist\u00e4. Tulevan kuvatuotteen voitti Saara Huovinen &#8211; onneksi olkoon!<\/p>\n\n\n\n<figure class=\"wp-block-image\"><img decoding=\"async\" src=\"https:\/\/rautila.fi\/kuvat_rautila\/Syysmarkkinat_2017\/hoyrylaiva_Vehmassalmi.jpg\" alt=\"\"\/><\/figure>\n\n\n\n<p>Markkinoilla haastateltiin paikallisia uusia yritt\u00e4ji\u00e4 Yritt\u00e4j\u00e4 esiin! -ohjelmanumerossa. Haastateltavina olivat: Kalle Nieminen \/K\u00f6yk\u00e4nm\u00e4en Leip\u00e4, Maarit Mannila-Rosenqvist \/ManjaQvist gluteeniton Kotileipomo sek\u00e4 Jussi ja Soila Jaakkola \/Projektihuone Jaakkola Oy.<\/p>\n\n\n\n<figure class=\"wp-block-image\"><img decoding=\"async\" src=\"https:\/\/rautila.fi\/kuvat_rautila\/Syysmarkkinat_2017\/Kalle_Nieminen.jpg\" alt=\"\"\/><\/figure>\n\n\n\n<p>Leipuri Kalle Nieminen kertoo tuotteistaan. Haastattelijana Pirkko Tammelin.<\/p>\n\n\n\n<p>Lapsille oli t\u00e4n\u00e4 vuonna uutuutena keppihevosrata. My\u00f6s Kirppu-ponin kyydiss\u00e4 k\u00e4ytiin ahkerasti sek\u00e4 ongittiin ja otettiin kasvomaalauksia.<\/p>\n\n\n\n<figure class=\"wp-block-image\"><img decoding=\"async\" src=\"https:\/\/rautila.fi\/kuvat_rautila\/Syysmarkkinat_2017\/kepparitytot.jpg\" alt=\"\"\/><\/figure>\n\n\n\n<figure class=\"wp-block-image\"><img decoding=\"async\" src=\"https:\/\/rautila.fi\/kuvat_rautila\/Syysmarkkinat_2017\/Kirppu.jpg\" alt=\"\"\/><\/figure>\n\n\n\n<p>Vaateliike Seepran perinteisen muotin\u00e4yt\u00f6ksen uutuustuotteita esitettiin n\u00e4ytt\u00e4v\u00e4sti:<\/p>\n\n\n\n<figure class=\"wp-block-image\"><img decoding=\"async\" src=\"https:\/\/rautila.fi\/kuvat_rautila\/Syysmarkkinat_2017\/Seepra1.jpg\" alt=\"\"\/><\/figure>\n\n\n\n<figure class=\"wp-block-image\"><img decoding=\"async\" src=\"https:\/\/rautila.fi\/kuvat_rautila\/Syysmarkkinat_2017\/Seepra2.jpg\" alt=\"\"\/><\/figure>\n\n\n\n<figure class=\"wp-block-image\"><img decoding=\"async\" src=\"https:\/\/rautila.fi\/kuvat_rautila\/Syysmarkkinat_2017\/Seepra3.jpg\" alt=\"\"\/><\/figure>\n\n\n\n<p>T\u00e4m\u00e4nvuotiset Rautilan Syysmarkkinat huipentuivat kyl\u00e4yhdistyksen omaan huumoripitoiseen Wanhanajan muotin\u00e4yt\u00f6kseen, jossa esiteltiin ullakkojen helmi\u00e4 1960-luvulta. Muotin\u00e4yt\u00f6ksess\u00e4 esiteltiin naisen el\u00e4m\u00e4\u00e4 1960-luvulla eriaiheisten asukokonaisuuksien avulla.<\/p>\n\n\n\n<figure class=\"wp-block-image\"><img decoding=\"async\" src=\"https:\/\/rautila.fi\/kuvat_rautila\/Syysmarkkinat_2017\/Wanhat1.jpg\" alt=\"\"\/><\/figure>\n\n\n\n<figure class=\"wp-block-image\"><img decoding=\"async\" src=\"https:\/\/rautila.fi\/kuvat_rautila\/Syysmarkkinat_2017\/wanhat2.jpg\" alt=\"\"\/><\/figure>\n\n\n\n<figure class=\"wp-block-image\"><img decoding=\"async\" src=\"https:\/\/rautila.fi\/kuvat_rautila\/Syysmarkkinat_2017\/Wanhat3.jpg\" alt=\"\"\/><\/figure>\n\n\n\n<figure class=\"wp-block-image\"><img decoding=\"async\" src=\"https:\/\/rautila.fi\/kuvat_rautila\/Syysmarkkinat_2017\/wanhat4.jpg\" alt=\"\"\/><\/figure>\n\n\n\n<figure class=\"wp-block-image\"><img decoding=\"async\" src=\"https:\/\/rautila.fi\/kuvat_rautila\/Syysmarkkinat_2017\/Wanhat5.jpg\" alt=\"\"\/><\/figure>\n\n\n\n<figure class=\"wp-block-image\"><img decoding=\"async\" src=\"https:\/\/rautila.fi\/kuvat_rautila\/Syysmarkkinat_2017\/Wanhat6.jpg\" alt=\"\"\/><\/figure>\n\n\n\n<figure class=\"wp-block-image\"><img decoding=\"async\" src=\"https:\/\/rautila.fi\/kuvat_rautila\/Syysmarkkinat_2017\/Wanhat7.jpg\" alt=\"\"\/><\/figure>\n\n\n\n<figure class=\"wp-block-image\"><img decoding=\"async\" src=\"https:\/\/rautila.fi\/kuvat_rautila\/Syysmarkkinat_2017\/Wanhat8.jpg\" alt=\"\"\/><\/figure>\n\n\n\n<p>Tervetuloa vuoden p\u00e4\u00e4st\u00e4 j\u00e4lleen Rautilan Syysmarkkinoille!<\/p>\n\n\n\n<p>Ota yhteytt\u00e4 p. 040 748 9449 tai soila.jaakkola(at)rautila.fi<\/p>\n\n\n\n<hr class=\"wp-block-separator has-alpha-channel-opacity\"\/>\n\n\n\n<p><strong> Kes\u00e4teatteriretki<\/strong> Laajoen kes\u00e4teatterin esitykseen<strong> &#8221;<\/strong>Matkalaukkukostaja<strong>&#8221;<\/strong>su 30.7. Tapio Ranta n\u00e4ytteli t\u00e4n\u00e4 vuonna poliisia. Kristiinan bussissa 38 retkel\u00e4ist\u00e4.<\/p>\n\n\n\n<figure class=\"wp-block-image\"><img decoding=\"async\" src=\"https:\/\/rautila.fi\/kuvat_rautila\/Tapsa2017.jpg\" alt=\"\"\/><\/figure>\n\n\n\n<p><strong>Kes\u00e4teatteriretki<\/strong> Wanha-Vinkkil\u00e4n kyl\u00e4yhdistyksen esitykseen &#8221;Rollaattorikapina&#8221; Himoisten vanhalla kyl\u00e4koululla su 9.7. Kuvassa vanhainkodin kapinaa johtanut Vieno Koski alias Pirkko Tammelin. N\u00e4yt\u00f6ksess\u00e4 mukana parisenkymment\u00e4 kyl\u00e4yhdistysl\u00e4ist\u00e4.<\/p>\n\n\n\n<figure class=\"wp-block-image\"><img decoding=\"async\" src=\"https:\/\/rautila.fi\/kuvat_rautila\/Pirkko2017.jpg\" alt=\"\"\/><\/figure>\n\n\n\n<p><strong>Uimakoulu<\/strong> Rautilan rannassa 3.-7.7. L\u00e4mmittelij\u00e4t seuraavat matkauintisuoritusta ikkunasta<\/p>\n\n\n\n<figure class=\"wp-block-image\"><img decoding=\"async\" src=\"https:\/\/rautila.fi\/kuvat_rautila\/uimakoulu2017.jpg\" alt=\"\"\/><\/figure>\n\n\n\n<p><strong>Hyv\u00e4\u00e4 Vehmaalla -tapahtumassa<\/strong> la 17.6. arpajaiset ja lapsille ongintaa<\/p>\n\n\n\n<figure class=\"wp-block-image\"><img decoding=\"async\" src=\"https:\/\/rautila.fi\/kuvat_rautila\/HyvaaVehmaalla2017.jpg\" alt=\"\"\/><\/figure>\n\n\n\n<p><a href=\"http:\/\/www.rautilanvpk100.fi\">Rautilan VPK 100 vuotta<\/a> la 10.6 <strong>Tanssit Vehmassalmen lavalla<\/strong>, kyl\u00e4yhdistyksell\u00e4 oli puffetti ja makkaranmyynti. Kiitokset koko Riky-tiimille urakasta!<\/p>\n\n\n\n<p>Esiintyjin\u00e4 Frederik, Danny ja Tuure Kilpel\u00e4inen<\/p>\n\n\n\n<figure class=\"wp-block-image\"><img decoding=\"async\" src=\"https:\/\/rautila.fi\/kuvat_rautila\/Frederik ja Danny.jpg\" alt=\"\"\/><\/figure>\n\n\n\n<figure class=\"wp-block-image\"><img decoding=\"async\" src=\"https:\/\/rautila.fi\/kuvat_rautila\/Tuure.jpg\" alt=\"\"\/><\/figure>\n\n\n\n<p><strong>la 27.5. kev\u00e4ttalkoot saunalla<\/strong>: Tehtiin polttopuita, siivottiin ranta ja saunarakennukset. Kiitokset mukana olleille: Veli-Matti A, Marja H, \u00c5ke H, Heikki H, Heikki J, Osmo K, Tuula K, Ismo S, Helin\u00e4 S, Jali S ja Teija V.<\/p>\n\n\n\n<figure class=\"wp-block-image\"><img decoding=\"async\" src=\"https:\/\/rautila.fi\/kuvat_rautila\/talkoot_k17_k4.jpg\" alt=\"\"\/><\/figure>\n\n\n\n<figure class=\"wp-block-image\"><img decoding=\"async\" src=\"https:\/\/rautila.fi\/kuvat_rautila\/talkoot_k17_k3.jpg\" alt=\"\"\/><\/figure>\n\n\n\n<figure class=\"wp-block-image\"><img decoding=\"async\" src=\"https:\/\/rautila.fi\/kuvat_rautila\/talkoot_k17_k2.jpg\" alt=\"\"\/><\/figure>\n\n\n\n<figure class=\"wp-block-image\"><img decoding=\"async\" src=\"https:\/\/rautila.fi\/kuvat_rautila\/talkoot_k17_k1.jpg\" alt=\"\"\/><\/figure>\n\n\n\n<p><strong>112-p\u00e4iv\u00e4 la 11.2. Rautilan VPK:lla <\/strong>Rautilan VPK:n ja Rautilan-Irjalan kyl\u00e4yhdistyksen yhteinen 112-tapahtuma j\u00e4rjestettiin jo viidett\u00e4 kertaa. Ohjelmassa oli kalustoesittelyn lis\u00e4ksi teht\u00e4v\u00e4rata kaikenik\u00e4isille (mm. savusukellusta ja h\u00e4t\u00e4numeroon soittamista), m\u00f6nkk\u00e4riajelua, poniajelua, 100-vuotisjuhlapiirustuskilpailu, kasvomaalausta, valistuspiste, arpajaiset ja kahvitarjoilu.&nbsp; Kyl\u00e4yhdistyksen teltassa oli myynniss\u00e4 hernekeittoa ja grillimakkaraa sek\u00e4 linnunp\u00f6ntt\u00f6j\u00e4. Uutuutena lepakonp\u00f6ntt\u00f6!<\/p>\n\n\n\n<figure class=\"wp-block-image\"><img decoding=\"async\" src=\"https:\/\/rautila.fi\/kuvat_rautila\/112 paiva 2017.jpg\" alt=\"\"\/><\/figure>\n\n\n\n<figure class=\"wp-block-image\"><img decoding=\"async\" src=\"https:\/\/rautila.fi\/kuvat_rautila\/112paiva2017.jpg\" alt=\"\"\/><\/figure>\n\n\n\n<p><\/p>\n\n\n\n<p><a href=\"#alku\">[Sivun alkuun]<\/a><\/p>\n","protected":false},"excerpt":{"rendered":"<p>Vuoden viimeiset talkoot saunalla 27.12: tehtiin polttopuita ja siivottiin, sek\u00e4 nautittiin voileiv\u00e4t kuuden aktiivin voimin. Joulusauna 22.12.\/ Vehmaan el\u00e4v\u00e4n joulukalenterin luukku nro 22. M\u00e4r\u00e4ss\u00e4 keliss\u00e4 saunottiin, kastauduttiin ja nautittiin gl\u00f6git, kakut ja piparit. Kyl\u00e4yhdistyksen pikkujoulut j\u00e4senille vietettiin la 16.12. Himoisten &hellip; <a href=\"https:\/\/rautila.fi\/index.php\/tapahtumat\/menneet-tapahtumat\/v2017\/\">Lue loppuun <span class=\"meta-nav\">&rarr;<\/span><\/a><\/p>\n","protected":false},"author":1,"featured_media":0,"parent":21,"menu_order":6,"comment_status":"closed","ping_status":"closed","template":"onecolumn-page.php","meta":{"footnotes":""},"class_list":["post-392","page","type-page","status-publish","hentry"],"_links":{"self":[{"href":"https:\/\/rautila.fi\/index.php\/wp-json\/wp\/v2\/pages\/392","targetHints":{"allow":["GET"]}}],"collection":[{"href":"https:\/\/rautila.fi\/index.php\/wp-json\/wp\/v2\/pages"}],"about":[{"href":"https:\/\/rautila.fi\/index.php\/wp-json\/wp\/v2\/types\/page"}],"author":[{"embeddable":true,"href":"https:\/\/rautila.fi\/index.php\/wp-json\/wp\/v2\/users\/1"}],"replies":[{"embeddable":true,"href":"https:\/\/rautila.fi\/index.php\/wp-json\/wp\/v2\/comments?post=392"}],"version-history":[{"count":5,"href":"https:\/\/rautila.fi\/index.php\/wp-json\/wp\/v2\/pages\/392\/revisions"}],"predecessor-version":[{"id":668,"href":"https:\/\/rautila.fi\/index.php\/wp-json\/wp\/v2\/pages\/392\/revisions\/668"}],"up":[{"embeddable":true,"href":"https:\/\/rautila.fi\/index.php\/wp-json\/wp\/v2\/pages\/21"}],"wp:attachment":[{"href":"https:\/\/rautila.fi\/index.php\/wp-json\/wp\/v2\/media?parent=392"}],"curies":[{"name":"wp","href":"https:\/\/api.w.org\/{rel}","templated":true}]}}