{"id":388,"date":"2023-05-07T17:09:05","date_gmt":"2023-05-07T17:09:05","guid":{"rendered":"https:\/\/rautila.fi\/wordpress\/?page_id=388"},"modified":"2023-06-28T15:51:38","modified_gmt":"2023-06-28T15:51:38","slug":"v2019","status":"publish","type":"page","link":"https:\/\/rautila.fi\/index.php\/tapahtumat\/menneet-tapahtumat\/v2019\/","title":{"rendered":"2019"},"content":{"rendered":"\n<p><a href=\"#syysmarkkinat\">Syysmarkkinat<\/a><br><a href=\"#elokuu\">Elokuu<\/a><br><a href=\"#kes\u00e4-hein\u00e4kuu\">Kes\u00e4\u2013hein\u00e4kuu<\/a><br><a href=\"#huhtu-toukokuu\">huhti\u2013toukokuu<\/a><br><a href=\"#kev\u00e4t\">kev\u00e4t<\/a><\/p>\n\n\n\n<p id=\"alku\"><strong>Pe 20.12. vietettiin joulusaunaa<\/strong> Rautilan rantasaunalla nauttien gl\u00f6gi\u00e4 ja pipareita<\/p>\n\n\n\n<p><strong>La 14.12. osallistuimme kaksille joulumyyj\u00e4isille<\/strong>: Rautilan VPK:n joulumyyj\u00e4isiss\u00e4 myimme grillimakkaraa ja sein\u00e4kalenteria, sek\u00e4 Hyv\u00e4n mielen joulumyyj\u00e4isiss\u00e4 Mietoisten Maamiesseurantalolla kuivakakkuja ja kyl\u00e4yhdistyksemme tuotteita (kuva)<\/p>\n\n\n\n<figure class=\"wp-block-image\"><img decoding=\"async\" src=\"https:\/\/rautila.fi\/kuvat_rautila\/mamis2019.jpg\" alt=\"\"\/><\/figure>\n\n\n\n<p><strong>Pe 6.12<\/strong>. oli kyl\u00e4yhdistyksemme vuoro laskea seppeleet ja pit\u00e4\u00e4 <strong>itsen\u00e4isyysp\u00e4iv\u00e4n juhlapuhe<\/strong> jumalanpalveluksen yhteydess\u00e4 Vehmaan kirkossa. Puheen piti yhdistyksemme puheenjohtaja Jussi Jaakkola. Sateisen kelin johdosta puhe lippukulkueineen j\u00e4rjestettiin sis\u00e4ll\u00e4 kirkossa.<\/p>\n\n\n\n<figure class=\"wp-block-image\"><img decoding=\"async\" src=\"https:\/\/rautila.fi\/kuvat\/itsenaisyypv2019.jpg\" alt=\"\"\/><\/figure>\n\n\n\n<p><strong>Pe 29.11. myytiin sein\u00e4kalenteria <\/strong>ja muita tuotteita Vehmaan joulunavauksessa Vinkkil\u00e4n tapahtuma-aukiolla<\/p>\n\n\n\n<p><strong>Su 24.11.<\/strong> pidettiin yhdistyksen <strong>s\u00e4\u00e4nt\u00f6m\u00e4\u00e4r\u00e4inen syyskokous<\/strong><\/p>\n\n\n\n<p><strong>La 19.10. Siivous- ja puutalkoot saunalla<\/strong>: mukana 18 aktiivia. T\u00f6iden lomassa grillattiin makkaraa ja sy\u00f6tiin voileipi\u00e4 ja piirakkaa.<\/p>\n\n\n\n<hr class=\"wp-block-separator has-alpha-channel-opacity is-style-wide\"\/>\n\n\n\n<h2 class=\"wp-block-heading\"><strong>Rautilan Syysmarkkinat 8.9.2019<\/strong><\/h2>\n\n\n\n<p>Ohjelmassa oli musiikkia Duo Alli &amp; Volter, Vaateliike Seepran muotin\u00e4yt\u00f6s, K\u00e4sveskat catwalkilla (paikallisten vanhojen k\u00e4silaukkujen oma muotin\u00e4yt\u00f6s) sek\u00e4 P\u00e4heimm\u00e4n veskan \u00e4\u00e4nestys. Tapahtumassa my\u00f6s mukana Partiolippukunta Lustaset pihapelien kera, Kirppu-poni kyyditsem\u00e4ss\u00e4 lapsia, Rautilan VPK:n miehet esittelem\u00e4ss\u00e4 kalustoa ja Rautilan VPK:n naiset paistamassa vohveleita. Rautilan-Irjalan kyl\u00e4yhdistyksell\u00e4 oli ohjelman lis\u00e4ksi oma tuote-esittely, arpajaiset, vanhan Rautilan valokuvan\u00e4yttely, lasten onginta-tatuointi-laukun v\u00e4ritys-puuhapaikka sek\u00e4 lounaspuffetti ja makkaragrilli. Myyji\u00e4 oli miltei enn\u00e4tysm\u00e4\u00e4r\u00e4, k\u00e4vij\u00f6it\u00e4 eniten ikin\u00e4 &#8211; iso kiitos kaikille osallistujille! Tervetuloa my\u00f6s ensi vuonna!<\/p>\n\n\n\n<div class=\"wp-block-columns is-layout-flex wp-container-core-columns-is-layout-9d6595d7 wp-block-columns-is-layout-flex\">\n<div class=\"wp-block-column is-layout-flow wp-block-column-is-layout-flow\" style=\"flex-basis:50%\">\n<figure class=\"wp-block-image\"><img decoding=\"async\" src=\"https:\/\/rautila.fi\/kuvat_rautila\/Syysmarkkinat2019\/aloitus.jpg\" alt=\"\"\/><\/figure>\n<\/div>\n\n\n\n<div class=\"wp-block-column is-layout-flow wp-block-column-is-layout-flow\" style=\"flex-basis:50%\">\n<figure class=\"wp-block-image size-large\"><img decoding=\"async\" src=\"https:\/\/rautila.fi\/kuvat_rautila\/Syysmarkkinat2019\/yleiso.jpg\" alt=\"\"\/><\/figure>\n<\/div>\n<\/div>\n\n\n\n<p>Markkinat alkavat ja yleis\u00f6\u00e4 &#8221;tulvii&#8221; sis\u00e4\u00e4n \/ Yleis\u00f6\u00e4 seuraamassa muotin\u00e4yt\u00f6st\u00e4<\/p>\n\n\n\n<div class=\"wp-block-columns is-layout-flex wp-container-core-columns-is-layout-9d6595d7 wp-block-columns-is-layout-flex\">\n<div class=\"wp-block-column is-layout-flow wp-block-column-is-layout-flow\" style=\"flex-basis:50%\">\n<figure class=\"wp-block-image size-large\"><img decoding=\"async\" src=\"https:\/\/rautila.fi\/kuvat_rautila\/Syysmarkkinat2019\/ulkomyynti.jpg\" alt=\"\"\/><\/figure>\n<\/div>\n\n\n\n<div class=\"wp-block-column is-layout-flow wp-block-column-is-layout-flow\" style=\"flex-basis:50%\">\n<figure class=\"wp-block-image size-large\"><img decoding=\"async\" src=\"https:\/\/rautila.fi\/kuvat_rautila\/Syysmarkkinat2019\/myyja.jpg\" alt=\"\"\/><\/figure>\n<\/div>\n<\/div>\n\n\n\n<p>Ulkomyyntipaikoilla mm. koristeita, k\u00e4sit\u00f6it\u00e4, puutuotteita, tuuliviirej\u00e4 ja kauden satoa<\/p>\n\n\n\n<div class=\"wp-block-columns is-layout-flex wp-container-core-columns-is-layout-9d6595d7 wp-block-columns-is-layout-flex\">\n<div class=\"wp-block-column is-layout-flow wp-block-column-is-layout-flow\" style=\"flex-basis:50%\">\n<figure class=\"wp-block-image\"><img decoding=\"async\" src=\"https:\/\/rautila.fi\/kuvat_rautila\/Syysmarkkinat2019\/allijavolter.jpg\" alt=\"\"\/><\/figure>\n<\/div>\n\n\n\n<div class=\"wp-block-column is-layout-flow wp-block-column-is-layout-flow\" style=\"flex-basis:50%\">\n<figure class=\"wp-block-image size-large\"><img decoding=\"async\" src=\"https:\/\/rautila.fi\/kuvat_rautila\/Syysmarkkinat2019\/onginta.jpg\" alt=\"\"\/><\/figure>\n<\/div>\n<\/div>\n\n\n\n<p>Duo Alli&amp;Volter musisoimassa \/ Lastennurkkauksessa ohjelmassa mm. ongintaa<\/p>\n\n\n\n<div class=\"wp-block-columns is-layout-flex wp-container-core-columns-is-layout-9d6595d7 wp-block-columns-is-layout-flex\">\n<div class=\"wp-block-column is-layout-flow wp-block-column-is-layout-flow\" style=\"flex-basis:50%\">\n<figure class=\"wp-block-image\"><img decoding=\"async\" src=\"https:\/\/rautila.fi\/kuvat_rautila\/Syysmarkkinat2019\/mallit.jpg\" alt=\"\"\/><\/figure>\n<\/div>\n\n\n\n<div class=\"wp-block-column is-layout-flow wp-block-column-is-layout-flow\" style=\"flex-basis:50%\">\n<figure class=\"wp-block-image size-large\"><img decoding=\"async\" src=\"https:\/\/rautila.fi\/kuvat_rautila\/Syysmarkkinat2019\/paheinveska.jpg\" alt=\"\"\/><\/figure>\n<\/div>\n<\/div>\n\n\n\n<p>Rautilan omat ihanaiset malleina Seepran muotin\u00e4yt\u00f6ksess\u00e4 \/ K\u00e4sveskat catwalkilla: P\u00e4hein veska -\u00e4\u00e4nestyksen voittajaa esittelem\u00e4ss\u00e4 Soila Jaakkola<\/p>\n\n\n\n<div class=\"wp-block-columns is-layout-flex wp-container-core-columns-is-layout-9d6595d7 wp-block-columns-is-layout-flex\">\n<div class=\"wp-block-column is-layout-flow wp-block-column-is-layout-flow\" style=\"flex-basis:50%\">\n<figure class=\"wp-block-image\"><img decoding=\"async\" src=\"https:\/\/rautila.fi\/kuvat_rautila\/Syysmarkkinat2019\/pihapelit.jpg\" alt=\"\"\/><\/figure>\n<\/div>\n\n\n\n<div class=\"wp-block-column is-layout-flow wp-block-column-is-layout-flow\" style=\"flex-basis:50%\">\n<figure class=\"wp-block-image size-large\"><img decoding=\"async\" src=\"https:\/\/rautila.fi\/kuvat_rautila\/Syysmarkkinat2019\/paloautot.jpg\" alt=\"\"\/><\/figure>\n<\/div>\n<\/div>\n\n\n\n<p>Partiolippukunta Lustasten pihapelej\u00e4 ja pelaajia \/ Rautilan VPK:n paloautot<\/p>\n\n\n\n<hr class=\"wp-block-separator has-alpha-channel-opacity is-style-wide\"\/>\n\n\n\n<p id=\"elokuu\"><strong>Saunan kes\u00e4kauden p\u00e4\u00e4t\u00f6s musauinnin merkeiss\u00e4 pe 30.8.<\/strong> ker\u00e4si varsin laajan uimarijoukon mainion kelin johdosta.<\/p>\n\n\n\n<p><strong>Kyl\u00e4br\u00e4nd\u00e4ysprojektin matka Ruotsiin R\u00e4ttvigiin ja Moraan 26.-29.8. <\/strong>Seminaareissa saimme kuulla useita esityksi\u00e4 Taalainmaan ja sen alueen yritysten ja tapahtumien (esim. Vasaloppet) br\u00e4nd\u00e4yksest\u00e4. Vierailimme taidemaalari Anders Zornin taiteilijakodissa, keramiikkapajassa ja taalainmaanpuuhevosia valmistavassa puusep\u00e4npajassa, jossa osallistuimme my\u00f6s maalausty\u00f6pajaan. Kyl\u00e4yhdistysl\u00e4isi\u00e4 matkalla mukana nelj\u00e4n hengen &#8221;iskujoukko&#8221;. Suomalaisten ryhm\u00e4ss\u00e4 mukana lis\u00e4ksi osallistujia Pyh\u00e4maasta, Untamala-projektista ja Ravakasta.<\/p>\n\n\n\n<figure class=\"wp-block-image\"><img decoding=\"async\" src=\"https:\/\/rautila.fi\/kuvat_rautila\/finskit Ruotsissa.jpg\" alt=\"\"\/><\/figure>\n\n\n\n<p id=\"kes\u00e4-hein\u00e4kuu\"><strong>Laajoen kes\u00e4teatterissa vierailimme j\u00e4lleen 28.7.<\/strong> Ohjelmassa oli Maiju Lassilan klassikkon\u00e4ytelm\u00e4 Liika viisas, jossa Tapio Ranta n\u00e4ytteli Jussi Punnitun roolin. Kristiina kuljetti Laajoelle 25 kyl\u00e4l\u00e4ist\u00e4.<\/p>\n\n\n\n<figure class=\"wp-block-image\"><img decoding=\"async\" src=\"https:\/\/rautila.fi\/kuvat_rautila\/Tapsa2019.jpg\" alt=\"\"\/><\/figure>\n\n\n\n<p><strong>YLEn Saunap\u00e4iv\u00e4 la 27.7. <\/strong> Rautilan rantasauna oli l\u00e4mpim\u00e4n\u00e4 koko p\u00e4iv\u00e4n, puffetti auki ja k\u00e4vij\u00f6it\u00e4 helles\u00e4\u00e4n johdosta hienosti: vieraskirjaan kirjautui 151 saunojaa.<\/p>\n\n\n\n<p>Vehmaan ja Taivassalon kuntien <strong>uimakoulu<\/strong> Rautilan rannassa 22.-26.7.<\/p>\n\n\n\n<figure class=\"wp-block-image\"><img decoding=\"async\" src=\"https:\/\/rautila.fi\/kuvat_rautila\/uimakoulu2019.jpg\" alt=\"\"\/><\/figure>\n\n\n\n<p>Jatkoryhm\u00e4n loppuhyppy<\/p>\n\n\n\n<p><strong>Vanha-Vinkkil\u00e4n kes\u00e4teatteri Kuntohuumaa kuumaa la 6.7.<\/strong> Retkell\u00e4 mukana 22 yhdistysl\u00e4ist\u00e4. T\u00e4ll\u00e4 kertaa rahastonhoitajamme Pirkko esitti r\u00e4pp\u00e4\u00e4v\u00e4\u00e4 j\u00e4\u00e4kiekkohullua Alina-rouvaa.<\/p>\n\n\n\n<figure class=\"wp-block-image\"><img decoding=\"async\" src=\"https:\/\/rautila.fi\/kuvat_rautila\/pirkko2019.jpg\" alt=\"\"\/><\/figure>\n\n\n\n<p><strong>Sillankorvan VPK:n kunnostustalkoot 2.-3.7<\/strong>: Pruuttahuone sai uuden p\u00e4rekaton ja se my\u00f6s maalattiin Vehmaan kotiseutuyhdistyksen, Rautilan-Irjalan kyl\u00e4yhdistyksen sek\u00e4 Rautilan VPK:n yhteisprojektina. Kiitokset tellinkien lainasta Veikko Karpille.<\/p>\n\n\n\n<div class=\"wp-block-columns is-layout-flex wp-container-core-columns-is-layout-9d6595d7 wp-block-columns-is-layout-flex\">\n<div class=\"wp-block-column is-layout-flow wp-block-column-is-layout-flow\" style=\"flex-basis:50%\">\n<figure class=\"wp-block-image\"><img decoding=\"async\" src=\"https:\/\/rautila.fi\/kuvat_rautila\/sillankorva1.jpg\" alt=\"\"\/><\/figure>\n<\/div>\n\n\n\n<div class=\"wp-block-column is-layout-flow wp-block-column-is-layout-flow\" style=\"flex-basis:50%\">\n<figure class=\"wp-block-image size-large\"><img decoding=\"async\" src=\"https:\/\/rautila.fi\/kuvat_rautila\/sillankorva2.jpg\" alt=\"\"\/><\/figure>\n<\/div>\n<\/div>\n\n\n\n<p><strong>Puutalkoot 1.7 Laaksosen mets\u00e4ss\u00e4<\/strong>: Kiitokset Risto A, Heikki J, Osmo K, Mervi N, Helin\u00e4 S &amp; Jali S.<\/p>\n\n\n\n<figure class=\"wp-block-image\"><img decoding=\"async\" src=\"https:\/\/rautila.fi\/kuvat_rautila\/puutalkoot2019.jpg\" alt=\"\"\/><\/figure>\n\n\n\n<p><strong>Kyl\u00e4br\u00e4nd\u00e4ysprojektin br\u00e4ndity\u00f6paja 2 Suttiossa ti 18.6<\/strong>: Pohdimme ihmisl\u00e4ht\u00f6ist\u00e4 Rautilaa, tiedonv\u00e4lityst\u00e4 ja loimme toimintakartan. Paikalla oli 5 kyl\u00e4aktiivia kahden ohjaajan opastuksessa.<\/p>\n\n\n\n<p><strong>Hyv\u00e4\u00e4 Vehmaalla -tapahtumassa la 15.6.<\/strong> myimme arpoja, tarjottimia, kangaskasseja ja linnunp\u00f6ntt\u00f6j\u00e4 sek\u00e4 j\u00e4rjestimme lapsille ongintaa. L\u00e4mmin kiitos arpajaisvoittoja antaneille: Askondi, L\u00e4hitapiola, Merililian, PK-Puu, S-market Vehmaa, Torpparin tupa, TT-tarvike, Turun AsennusTeam ja Vehmaan apteekki.<\/p>\n\n\n\n<div class=\"wp-block-columns is-layout-flex wp-container-core-columns-is-layout-9d6595d7 wp-block-columns-is-layout-flex\">\n<div class=\"wp-block-column is-layout-flow wp-block-column-is-layout-flow\" style=\"flex-basis:50%\">\n<figure class=\"wp-block-image\"><img decoding=\"async\" src=\"https:\/\/rautila.fi\/kuvat_rautila\/HV2019.jpg\" alt=\"\"\/><\/figure>\n<\/div>\n\n\n\n<div class=\"wp-block-column is-layout-flow wp-block-column-is-layout-flow\" style=\"flex-basis:50%\">\n<figure class=\"wp-block-image size-large\"><img decoding=\"async\" src=\"https:\/\/rautila.fi\/kuvat_rautila\/HV_kalat2019.jpg\" alt=\"\"\/><\/figure>\n<\/div>\n<\/div>\n\n\n\n<p><strong>Kyl\u00e4br\u00e4nd\u00e4ysprojektin matka Latvian Smilteneen 11.-14.6<\/strong>: Br\u00e4ndiseminaarien (Trikata, Smiltene ja Palsmane) lis\u00e4ksimme tutustuimme paikallisiin yrityksiin mm. RChokolate-suklaatehtaaseen ja biokosmetiikkayritykseen Trikatassa, kasvihuoneravintolaan ja savipajaan (Siltumnica), hierontakeskukseen Biminiss\u00e4, pumptrack-polkupy\u00f6r\u00e4rataan Murmuizassa, pizzaty\u00f6pajaan Vinkalnissa, p\u00e4iv\u00e4kotiin Palsmanessa, ruisleip\u00e4pajaan, Birzin koivumahlajuomayritykseen, Smiltene Koksin puunjalostustehtaaseen ja kakunkoristeluyritykseen. Lis\u00e4ksi ajoimme hydropy\u00f6rill\u00e4, SUPlautailimme ja tanssimme perinteisi\u00e4 latvialaisia kansantansseja. Kyl\u00e4yhdistysl\u00e4isi\u00e4 reissussa 10. Kristiinan bussissa lis\u00e4ksi Pyh\u00e4maan matkailuyhdistyksen, Ravakan ja Ruotsin Taalainmaan Leader-ryhm\u00e4n j\u00e4seni\u00e4.<\/p>\n\n\n\n<div class=\"wp-block-columns is-layout-flex wp-container-core-columns-is-layout-9d6595d7 wp-block-columns-is-layout-flex\">\n<div class=\"wp-block-column is-layout-flow wp-block-column-is-layout-flow\" style=\"flex-basis:50%\">\n<figure class=\"wp-block-image\"><img decoding=\"async\" src=\"https:\/\/rautila.fi\/kuvat_rautila\/latvia1.jpg\" alt=\"\"\/><\/figure>\n<\/div>\n\n\n\n<div class=\"wp-block-column is-layout-flow wp-block-column-is-layout-flow\" style=\"flex-basis:50%\">\n<figure class=\"wp-block-image size-large\"><img decoding=\"async\" src=\"https:\/\/rautila.fi\/kuvat_rautila\/latvia2.jpg\" alt=\"\"\/><\/figure>\n<\/div>\n<\/div>\n\n\n\n<p>Seminaarissa Trikatassa \/ Virkistyst\u00e4 vartalolle hierontakeskuksessa Biminiss\u00e4<\/p>\n\n\n\n<div class=\"wp-block-columns is-layout-flex wp-container-core-columns-is-layout-9d6595d7 wp-block-columns-is-layout-flex\">\n<div class=\"wp-block-column is-layout-flow wp-block-column-is-layout-flow\" style=\"flex-basis:50%\">\n<figure class=\"wp-block-image\"><img decoding=\"async\" src=\"https:\/\/rautila.fi\/kuvat_rautila\/latvia3.jpg\" alt=\"\"\/><\/figure>\n<\/div>\n\n\n\n<div class=\"wp-block-column is-layout-flow wp-block-column-is-layout-flow\" style=\"flex-basis:50%\">\n<figure class=\"wp-block-image size-large\"><img decoding=\"async\" src=\"https:\/\/rautila.fi\/kuvat_rautila\/latvia4.jpg\" alt=\"\"\/><\/figure>\n<\/div>\n<\/div>\n\n\n\n<p>Ryhm\u00e4kuva koivumahlajuomayrityksen puistossa \/ Omaa iltapalaa valmistamassa pizzaty\u00f6pajassa<\/p>\n\n\n\n<p id=\"huhti-toukokuu\"><strong>Kyl\u00e4br\u00e4nd\u00e4ysprojektin br\u00e4ndity\u00f6paja 1 Rautilan saunalla su 26.5: <\/strong>Pohdimme, millainen Rautila on ja loimme Rautilaa kuvaavia tarinoita. Paikalla oli 8 luovaa kyl\u00e4l\u00e4ist\u00e4 kahden ohjaajan opastuksessa.<\/p>\n\n\n\n<p><strong>Puu- ja siivoustalkoot la 18.5: <\/strong>Saunapuita halottiin ja pilkottiin ja my\u00f6s Irjalan kent\u00e4lle vietiin ensi talvea varten grillipuita. Saunatilat siivottiin. Keittolounaalle kokoontui yhteens\u00e4 20 talkoolaista. Kiitokset: Risto A, Veli-Matti A, Timo H, Marja H, \u00c5ke H, Heikki J, Veikko K, Osmo K, Tuula K, Jukka L, Marja L, Mikko M, Mervi N, Kimmo R, Ismo S, Helin\u00e4 S ja Jali S.<\/p>\n\n\n\n<p><strong>Kyl\u00e4br\u00e4nd\u00e4ysprojekti: <\/strong>Latvialaiset ja ruotsalaiset kyl\u00e4ss\u00e4 Rautilassa 8.5: Illanviettoa suomalaiseen tyyliin: saunottiin Rautilan ranstasaunassa, uitiin ja sy\u00f6tiin iltapalaa 27 vieraan voimin.<\/p>\n\n\n\n<div class=\"wp-block-columns is-layout-flex wp-container-core-columns-is-layout-9d6595d7 wp-block-columns-is-layout-flex\">\n<div class=\"wp-block-column is-layout-flow wp-block-column-is-layout-flow\" style=\"flex-basis:50%\">\n<figure class=\"wp-block-image\"><img decoding=\"async\" src=\"https:\/\/rautila.fi\/kuvat_rautila\/latvialaiset saunalla.jpg\" alt=\"\"\/><\/figure>\n<\/div>\n\n\n\n<div class=\"wp-block-column is-layout-flow wp-block-column-is-layout-flow\" style=\"flex-basis:50%\">\n<figure class=\"wp-block-image size-large\"><img decoding=\"async\" src=\"https:\/\/rautila.fi\/kuvat_rautila\/latvialaiset%20saunalla2.jpg\" alt=\"\"\/><\/figure>\n<\/div>\n<\/div>\n\n\n\n<p><strong>Kyl\u00e4br\u00e4nd\u00e4ysprojektin ryhm\u00e4haastatteluun la 13.4. <\/strong>rantasaunalla osallistui 4 kyl\u00e4l\u00e4ist\u00e4.<\/p>\n\n\n\n<p><strong>Kyl\u00e4br\u00e4nd\u00e4ysprojekti:<\/strong> Kaikille avoimeen Rautilan kyl\u00e4kyselyyn vastasi 8.4. menness\u00e4 yhteens\u00e4 90 henkil\u00f6\u00e4 ja Rautilassa asuvien kyselyyn 28. Upeaa, ett\u00e4 n\u00e4in moni on kiinnostunut kyl\u00e4mme kehitt\u00e4misest\u00e4 &#8211; kiitokset kaikille vastaajille!<\/p>\n\n\n\n<p id=\"kev\u00e4t\"><strong>su 3.3. sokkomuovailua<\/strong> kuvataiteilija Leena Pylk\u00f6n opastuksessa.<\/p>\n\n\n\n<div class=\"wp-block-columns is-layout-flex wp-container-core-columns-is-layout-9d6595d7 wp-block-columns-is-layout-flex\">\n<div class=\"wp-block-column is-layout-flow wp-block-column-is-layout-flow\" style=\"flex-basis:50%\">\n<figure class=\"wp-block-image\"><img decoding=\"async\" src=\"https:\/\/rautila.fi\/kuvat_rautila\/sokkomuovailu.jpg\" alt=\"\"\/><\/figure>\n<\/div>\n\n\n\n<div class=\"wp-block-column is-layout-flow wp-block-column-is-layout-flow\" style=\"flex-basis:50%\">\n<figure class=\"wp-block-image size-large\"><img decoding=\"async\" src=\"https:\/\/rautila.fi\/kuvat_rautila\/sokkomuovailu2.jpg\" alt=\"\"\/><\/figure>\n<\/div>\n<\/div>\n\n\n\n<p>Sokkomuovailua el\u00e4v\u00e4st\u00e4 mallista \/ Sokkomuovailun tuotokset<\/p>\n\n\n\n<p><strong>10.2. vietettiin perinteinen 112-p\u00e4iv\u00e4<\/strong> yhdess\u00e4 Rautilan VPK:n kanssa Rautilan paloasemalla. Kyl\u00e4yhdistyksell\u00e4 oli myynniss\u00e4 linnunp\u00f6ntt\u00f6j\u00e4, hernekeittoa, grillimakkaraa ja arpoja. Lapset nakuttelivat itse linnunp\u00f6ntt\u00f6j\u00e4 &#8221;p\u00f6ntt\u00f6pajassa&#8221; ja laskivat m\u00e4ke\u00e4 liukureilla. Rautilan VPK valisti arjen vaaroista, j\u00e4rjesti kaluston tuntemuskilpailun ja tarjosi laskiaispullakahvit. Lapset kokeilivat my\u00f6s savusukellusta. Vesisateen liukastama keli esti ponin saapumisen paikalle.<\/p>\n\n\n\n<div class=\"wp-block-columns is-layout-flex wp-container-core-columns-is-layout-9d6595d7 wp-block-columns-is-layout-flex\">\n<div class=\"wp-block-column is-layout-flow wp-block-column-is-layout-flow\" style=\"flex-basis:50%\">\n<figure class=\"wp-block-image\"><img decoding=\"async\" src=\"https:\/\/rautila.fi\/kuvat_rautila\/112yleiskuva.jpg\" alt=\"\"\/><\/figure>\n<\/div>\n\n\n\n<div class=\"wp-block-column is-layout-flow wp-block-column-is-layout-flow\" style=\"flex-basis:50%\">\n<figure class=\"wp-block-image size-large\"><img decoding=\"async\" src=\"https:\/\/rautila.fi\/kuvat_rautila\/112nakuttelua.jpg\" alt=\"\"\/><\/figure>\n<\/div>\n<\/div>\n\n\n\n<p>Hernekeittoa ja laskiaispullia nauttimassa. \/ Keskittynytt\u00e4 linnunp\u00f6nt\u00f6n kokoamista.<\/p>\n\n\n\n<p><strong>Tupperware-tuote-esittely 13.1. Rautilan saunalla<\/strong>. Niina Sepp\u00e4l\u00e4n opastuksella tutustuimme ruoanvalmistusmahdollisuuksiin mikroaaltouunissa sek\u00e4 kauden tuoteuutuuksiin.<\/p>\n\n\n\n<p>Kyl\u00e4yhdistys on ostanut Irjalan kent\u00e4lle <strong>uudet j\u00e4\u00e4kiekkomaalit ja 2 luistelutukea<\/strong>.<\/p>\n\n\n\n<figure class=\"wp-block-image\"><img decoding=\"async\" src=\"https:\/\/rautila.fi\/kuvat_rautila\/maali.jpg\" alt=\"\"\/><\/figure>\n\n\n\n<p><\/p>\n\n\n\n<p><a href=\"#alkuun\" data-type=\"internal\" data-id=\"#alkuun\">[Sivun alkuun]<\/a><\/p>\n","protected":false},"excerpt":{"rendered":"<p>SyysmarkkinatElokuuKes\u00e4\u2013hein\u00e4kuuhuhti\u2013toukokuukev\u00e4t Pe 20.12. vietettiin joulusaunaa Rautilan rantasaunalla nauttien gl\u00f6gi\u00e4 ja pipareita La 14.12. osallistuimme kaksille joulumyyj\u00e4isille: Rautilan VPK:n joulumyyj\u00e4isiss\u00e4 myimme grillimakkaraa ja sein\u00e4kalenteria, sek\u00e4 Hyv\u00e4n mielen joulumyyj\u00e4isiss\u00e4 Mietoisten Maamiesseurantalolla kuivakakkuja ja kyl\u00e4yhdistyksemme tuotteita (kuva) Pe 6.12. oli kyl\u00e4yhdistyksemme vuoro laskea &hellip; <a href=\"https:\/\/rautila.fi\/index.php\/tapahtumat\/menneet-tapahtumat\/v2019\/\">Lue loppuun <span class=\"meta-nav\">&rarr;<\/span><\/a><\/p>\n","protected":false},"author":1,"featured_media":0,"parent":21,"menu_order":4,"comment_status":"closed","ping_status":"closed","template":"onecolumn-page.php","meta":{"footnotes":""},"class_list":["post-388","page","type-page","status-publish","hentry"],"_links":{"self":[{"href":"https:\/\/rautila.fi\/index.php\/wp-json\/wp\/v2\/pages\/388","targetHints":{"allow":["GET"]}}],"collection":[{"href":"https:\/\/rautila.fi\/index.php\/wp-json\/wp\/v2\/pages"}],"about":[{"href":"https:\/\/rautila.fi\/index.php\/wp-json\/wp\/v2\/types\/page"}],"author":[{"embeddable":true,"href":"https:\/\/rautila.fi\/index.php\/wp-json\/wp\/v2\/users\/1"}],"replies":[{"embeddable":true,"href":"https:\/\/rautila.fi\/index.php\/wp-json\/wp\/v2\/comments?post=388"}],"version-history":[{"count":7,"href":"https:\/\/rautila.fi\/index.php\/wp-json\/wp\/v2\/pages\/388\/revisions"}],"predecessor-version":[{"id":664,"href":"https:\/\/rautila.fi\/index.php\/wp-json\/wp\/v2\/pages\/388\/revisions\/664"}],"up":[{"embeddable":true,"href":"https:\/\/rautila.fi\/index.php\/wp-json\/wp\/v2\/pages\/21"}],"wp:attachment":[{"href":"https:\/\/rautila.fi\/index.php\/wp-json\/wp\/v2\/media?parent=388"}],"curies":[{"name":"wp","href":"https:\/\/api.w.org\/{rel}","templated":true}]}}