{"id":1080,"date":"2025-04-22T09:36:02","date_gmt":"2025-04-22T09:36:02","guid":{"rendered":"https:\/\/rautila.fi\/?page_id=1080"},"modified":"2025-04-22T09:44:28","modified_gmt":"2025-04-22T09:44:28","slug":"2024-2","status":"publish","type":"page","link":"https:\/\/rautila.fi\/index.php\/2024-2\/","title":{"rendered":"2024"},"content":{"rendered":"\n<p><strong>Kuvat \u00a9 Soila Jaakkola<\/strong><\/p>\n\n\n\n<p><strong>VUONNA 2024<\/strong><\/p>\n\n\n\n<p><strong>La 14.12. osallistuimme Hyv\u00e4n mielen joulumarkkinoille <\/strong>Mietoisten Maamiesseurantalolla. Kyl\u00e4yhdistystuotteiden lis\u00e4ksi myimme aimo kasan kuivakakkuja. <br><\/p>\n\n\n\n<figure class=\"wp-block-image size-large\"><img loading=\"lazy\" decoding=\"async\" width=\"1024\" height=\"768\" src=\"https:\/\/rautila.fi\/wp-content\/uploads\/2024\/12\/20241214_102144-1024x768.jpg\" alt=\"\" class=\"wp-image-1021\" srcset=\"https:\/\/rautila.fi\/wp-content\/uploads\/2024\/12\/20241214_102144-1024x768.jpg 1024w, https:\/\/rautila.fi\/wp-content\/uploads\/2024\/12\/20241214_102144-300x225.jpg 300w, https:\/\/rautila.fi\/wp-content\/uploads\/2024\/12\/20241214_102144-768x576.jpg 768w, https:\/\/rautila.fi\/wp-content\/uploads\/2024\/12\/20241214_102144-1536x1152.jpg 1536w, https:\/\/rautila.fi\/wp-content\/uploads\/2024\/12\/20241214_102144-2048x1536.jpg 2048w\" sizes=\"auto, (max-width: 1024px) 100vw, 1024px\" \/><figcaption class=\"wp-element-caption\">Mietoisten joulumarkkinoilla 2024<\/figcaption><\/figure>\n\n\n\n<p><strong>La 23.10. juhlimme yhdistyksen pikkujouluja<\/strong> Tammelinien tiloissa Himoisten vanhalla kyl\u00e4koululla. Ohjelmassa oli jouluruoan lis\u00e4ksi tietovisoja, yhteislauluja, Riky Kuutamolla ja tanssiakin mukavan yhdess\u00e4olon siivitt\u00e4m\u00e4n\u00e4. Kiitokset kaikille 20 osallistujalle ja l\u00e4mp\u00f6ist\u00e4 joulunaikaa!<\/p>\n\n\n\n<figure class=\"wp-block-gallery has-nested-images columns-default is-cropped wp-block-gallery-1 is-layout-flex wp-block-gallery-is-layout-flex\">\n<figure class=\"wp-block-image size-large\"><img loading=\"lazy\" decoding=\"async\" width=\"1024\" height=\"683\" data-id=\"1036\" src=\"https:\/\/rautila.fi\/wp-content\/uploads\/2024\/12\/IMG_2433-1024x683.jpg\" alt=\"\" class=\"wp-image-1036\" srcset=\"https:\/\/rautila.fi\/wp-content\/uploads\/2024\/12\/IMG_2433-1024x683.jpg 1024w, https:\/\/rautila.fi\/wp-content\/uploads\/2024\/12\/IMG_2433-300x200.jpg 300w, https:\/\/rautila.fi\/wp-content\/uploads\/2024\/12\/IMG_2433-768x512.jpg 768w, https:\/\/rautila.fi\/wp-content\/uploads\/2024\/12\/IMG_2433-1536x1024.jpg 1536w, https:\/\/rautila.fi\/wp-content\/uploads\/2024\/12\/IMG_2433-2048x1365.jpg 2048w\" sizes=\"auto, (max-width: 1024px) 100vw, 1024px\" \/><figcaption class=\"wp-element-caption\">Pikkujoulut 2024<\/figcaption><\/figure>\n\n\n\n<figure class=\"wp-block-image size-large\"><img loading=\"lazy\" decoding=\"async\" width=\"1024\" height=\"683\" data-id=\"1037\" src=\"https:\/\/rautila.fi\/wp-content\/uploads\/2024\/12\/IMG_2435-1024x683.jpg\" alt=\"\" class=\"wp-image-1037\" srcset=\"https:\/\/rautila.fi\/wp-content\/uploads\/2024\/12\/IMG_2435-1024x683.jpg 1024w, https:\/\/rautila.fi\/wp-content\/uploads\/2024\/12\/IMG_2435-300x200.jpg 300w, https:\/\/rautila.fi\/wp-content\/uploads\/2024\/12\/IMG_2435-768x512.jpg 768w, https:\/\/rautila.fi\/wp-content\/uploads\/2024\/12\/IMG_2435-1536x1024.jpg 1536w, https:\/\/rautila.fi\/wp-content\/uploads\/2024\/12\/IMG_2435-2048x1365.jpg 2048w\" sizes=\"auto, (max-width: 1024px) 100vw, 1024px\" \/><figcaption class=\"wp-element-caption\">Himoisten vanhalla koululla<\/figcaption><\/figure>\n<\/figure>\n\n\n\n<p><strong>La 2.11. <\/strong>pidimme perinteiset <strong>syystalkoot <\/strong>polttopuiden teon ja siivouksen merkeiss\u00e4.<\/p>\n\n\n\n<p><strong>Su 6.10. j\u00e4rjestettiin yhdistyksen virallinen syyskokous<\/strong> Rautilan rantasaunalla.<\/p>\n\n\n\n<p><strong>Su 1.9. Rautilan Syysmarkkinat Vehmassalmella<\/strong><br>Rautilan Syysmarkkinoita viettiin yhdeks\u00e4tt\u00e4 kertaa Vehmassalmella hieman kosteassa s\u00e4\u00e4ss\u00e4. Kymmenes vuosi valmistelua oli k\u00e4sill\u00e4, mutta yhdet markkinat j\u00e4iv\u00e4t koronasta johtuvista tiukoista kokoontumisrajoituksista kerran pit\u00e4m\u00e4tt\u00e4. T\u00e4n\u00e4 vuonna uutena ohjelmanumerona oli Pappojen vanhat kulkupelit, joita saimmekin kyl\u00e4lt\u00e4 ker\u00e4tty\u00e4 n\u00e4ytteille komeat rivit.<\/p>\n\n\n\n<figure class=\"wp-block-gallery has-nested-images columns-default is-cropped wp-block-gallery-2 is-layout-flex wp-block-gallery-is-layout-flex\">\n<figure class=\"wp-block-image size-large\"><img loading=\"lazy\" decoding=\"async\" width=\"1024\" height=\"768\" data-id=\"977\" src=\"https:\/\/rautila.fi\/wp-content\/uploads\/2024\/09\/Kulkupeleja2-1024x768.jpg\" alt=\"\" class=\"wp-image-977\" srcset=\"https:\/\/rautila.fi\/wp-content\/uploads\/2024\/09\/Kulkupeleja2-1024x768.jpg 1024w, https:\/\/rautila.fi\/wp-content\/uploads\/2024\/09\/Kulkupeleja2-300x225.jpg 300w, https:\/\/rautila.fi\/wp-content\/uploads\/2024\/09\/Kulkupeleja2-768x576.jpg 768w, https:\/\/rautila.fi\/wp-content\/uploads\/2024\/09\/Kulkupeleja2-1536x1152.jpg 1536w, https:\/\/rautila.fi\/wp-content\/uploads\/2024\/09\/Kulkupeleja2-2048x1536.jpg 2048w\" sizes=\"auto, (max-width: 1024px) 100vw, 1024px\" \/><figcaption class=\"wp-element-caption\">Erilaisia kulkupelej\u00e4<\/figcaption><\/figure>\n\n\n\n<figure class=\"wp-block-image size-large\"><img loading=\"lazy\" decoding=\"async\" width=\"1024\" height=\"768\" data-id=\"978\" src=\"https:\/\/rautila.fi\/wp-content\/uploads\/2024\/09\/Kulkupeleja3-1024x768.jpg\" alt=\"\" class=\"wp-image-978\" srcset=\"https:\/\/rautila.fi\/wp-content\/uploads\/2024\/09\/Kulkupeleja3-1024x768.jpg 1024w, https:\/\/rautila.fi\/wp-content\/uploads\/2024\/09\/Kulkupeleja3-300x225.jpg 300w, https:\/\/rautila.fi\/wp-content\/uploads\/2024\/09\/Kulkupeleja3-768x576.jpg 768w, https:\/\/rautila.fi\/wp-content\/uploads\/2024\/09\/Kulkupeleja3-1536x1152.jpg 1536w, https:\/\/rautila.fi\/wp-content\/uploads\/2024\/09\/Kulkupeleja3-2048x1536.jpg 2048w\" sizes=\"auto, (max-width: 1024px) 100vw, 1024px\" \/><\/figure>\n\n\n\n<figure class=\"wp-block-image size-large\"><img loading=\"lazy\" decoding=\"async\" width=\"1024\" height=\"683\" data-id=\"980\" src=\"https:\/\/rautila.fi\/wp-content\/uploads\/2024\/09\/Kulkupeleja5-1024x683.jpg\" alt=\"\" class=\"wp-image-980\" srcset=\"https:\/\/rautila.fi\/wp-content\/uploads\/2024\/09\/Kulkupeleja5-1024x683.jpg 1024w, https:\/\/rautila.fi\/wp-content\/uploads\/2024\/09\/Kulkupeleja5-300x200.jpg 300w, https:\/\/rautila.fi\/wp-content\/uploads\/2024\/09\/Kulkupeleja5-768x512.jpg 768w, https:\/\/rautila.fi\/wp-content\/uploads\/2024\/09\/Kulkupeleja5-1536x1024.jpg 1536w, https:\/\/rautila.fi\/wp-content\/uploads\/2024\/09\/Kulkupeleja5-2048x1365.jpg 2048w\" sizes=\"auto, (max-width: 1024px) 100vw, 1024px\" \/><\/figure>\n<\/figure>\n\n\n\n<figure class=\"wp-block-gallery has-nested-images columns-default is-cropped wp-block-gallery-3 is-layout-flex wp-block-gallery-is-layout-flex\">\n<figure class=\"wp-block-image size-large\"><img loading=\"lazy\" decoding=\"async\" width=\"1024\" height=\"683\" data-id=\"980\" src=\"https:\/\/rautila.fi\/wp-content\/uploads\/2024\/09\/Kulkupeleja5-1024x683.jpg\" alt=\"\" class=\"wp-image-980\" srcset=\"https:\/\/rautila.fi\/wp-content\/uploads\/2024\/09\/Kulkupeleja5-1024x683.jpg 1024w, https:\/\/rautila.fi\/wp-content\/uploads\/2024\/09\/Kulkupeleja5-300x200.jpg 300w, https:\/\/rautila.fi\/wp-content\/uploads\/2024\/09\/Kulkupeleja5-768x512.jpg 768w, https:\/\/rautila.fi\/wp-content\/uploads\/2024\/09\/Kulkupeleja5-1536x1024.jpg 1536w, https:\/\/rautila.fi\/wp-content\/uploads\/2024\/09\/Kulkupeleja5-2048x1365.jpg 2048w\" sizes=\"auto, (max-width: 1024px) 100vw, 1024px\" \/><\/figure>\n\n\n\n<figure class=\"wp-block-image size-large\"><img loading=\"lazy\" decoding=\"async\" width=\"1024\" height=\"768\" data-id=\"979\" src=\"https:\/\/rautila.fi\/wp-content\/uploads\/2024\/09\/Kulkupeleja4-1024x768.jpg\" alt=\"\" class=\"wp-image-979\" srcset=\"https:\/\/rautila.fi\/wp-content\/uploads\/2024\/09\/Kulkupeleja4-1024x768.jpg 1024w, https:\/\/rautila.fi\/wp-content\/uploads\/2024\/09\/Kulkupeleja4-300x225.jpg 300w, https:\/\/rautila.fi\/wp-content\/uploads\/2024\/09\/Kulkupeleja4-768x576.jpg 768w, https:\/\/rautila.fi\/wp-content\/uploads\/2024\/09\/Kulkupeleja4-1536x1152.jpg 1536w, https:\/\/rautila.fi\/wp-content\/uploads\/2024\/09\/Kulkupeleja4-2048x1536.jpg 2048w\" sizes=\"auto, (max-width: 1024px) 100vw, 1024px\" \/><\/figure>\n\n\n\n<figure class=\"wp-block-image size-large\"><img loading=\"lazy\" decoding=\"async\" width=\"1024\" height=\"683\" data-id=\"965\" src=\"https:\/\/rautila.fi\/wp-content\/uploads\/2024\/09\/Syysmarkkinoiden_autonayttelya2024-1024x683.jpg\" alt=\"\" class=\"wp-image-965\" srcset=\"https:\/\/rautila.fi\/wp-content\/uploads\/2024\/09\/Syysmarkkinoiden_autonayttelya2024-1024x683.jpg 1024w, https:\/\/rautila.fi\/wp-content\/uploads\/2024\/09\/Syysmarkkinoiden_autonayttelya2024-300x200.jpg 300w, https:\/\/rautila.fi\/wp-content\/uploads\/2024\/09\/Syysmarkkinoiden_autonayttelya2024-768x512.jpg 768w, https:\/\/rautila.fi\/wp-content\/uploads\/2024\/09\/Syysmarkkinoiden_autonayttelya2024-1536x1024.jpg 1536w, https:\/\/rautila.fi\/wp-content\/uploads\/2024\/09\/Syysmarkkinoiden_autonayttelya2024-2048x1365.jpg 2048w\" sizes=\"auto, (max-width: 1024px) 100vw, 1024px\" \/><\/figure>\n<\/figure>\n\n\n\n<p>Rautilan Syysmarkkinoilla tehtiin tietysti ostoksia, ihasteltiin kauniita tuotteita ja tavattiin tuttuja.<\/p>\n\n\n\n<figure class=\"wp-block-gallery has-nested-images columns-default is-cropped wp-block-gallery-4 is-layout-flex wp-block-gallery-is-layout-flex\">\n<figure class=\"wp-block-image size-large\"><img loading=\"lazy\" decoding=\"async\" width=\"1024\" height=\"768\" data-id=\"985\" src=\"https:\/\/rautila.fi\/wp-content\/uploads\/2024\/09\/Ostoksilla2-1024x768.jpg\" alt=\"\" class=\"wp-image-985\" srcset=\"https:\/\/rautila.fi\/wp-content\/uploads\/2024\/09\/Ostoksilla2-1024x768.jpg 1024w, https:\/\/rautila.fi\/wp-content\/uploads\/2024\/09\/Ostoksilla2-300x225.jpg 300w, https:\/\/rautila.fi\/wp-content\/uploads\/2024\/09\/Ostoksilla2-768x576.jpg 768w, https:\/\/rautila.fi\/wp-content\/uploads\/2024\/09\/Ostoksilla2-1536x1152.jpg 1536w, https:\/\/rautila.fi\/wp-content\/uploads\/2024\/09\/Ostoksilla2-2048x1536.jpg 2048w\" sizes=\"auto, (max-width: 1024px) 100vw, 1024px\" \/><figcaption class=\"wp-element-caption\">Ostoksilla<\/figcaption><\/figure>\n\n\n\n<figure class=\"wp-block-image size-large\"><img loading=\"lazy\" decoding=\"async\" width=\"1024\" height=\"768\" data-id=\"973\" src=\"https:\/\/rautila.fi\/wp-content\/uploads\/2024\/09\/20240901_114311-1024x768.jpg\" alt=\"\" class=\"wp-image-973\" srcset=\"https:\/\/rautila.fi\/wp-content\/uploads\/2024\/09\/20240901_114311-1024x768.jpg 1024w, https:\/\/rautila.fi\/wp-content\/uploads\/2024\/09\/20240901_114311-300x225.jpg 300w, https:\/\/rautila.fi\/wp-content\/uploads\/2024\/09\/20240901_114311-768x576.jpg 768w, https:\/\/rautila.fi\/wp-content\/uploads\/2024\/09\/20240901_114311-1536x1152.jpg 1536w, https:\/\/rautila.fi\/wp-content\/uploads\/2024\/09\/20240901_114311-2048x1536.jpg 2048w\" sizes=\"auto, (max-width: 1024px) 100vw, 1024px\" \/><\/figure>\n\n\n\n<figure class=\"wp-block-image size-large\"><img loading=\"lazy\" decoding=\"async\" width=\"1024\" height=\"768\" data-id=\"987\" src=\"https:\/\/rautila.fi\/wp-content\/uploads\/2024\/09\/Ostoksilla4-1024x768.jpg\" alt=\"\" class=\"wp-image-987\" srcset=\"https:\/\/rautila.fi\/wp-content\/uploads\/2024\/09\/Ostoksilla4-1024x768.jpg 1024w, https:\/\/rautila.fi\/wp-content\/uploads\/2024\/09\/Ostoksilla4-300x225.jpg 300w, https:\/\/rautila.fi\/wp-content\/uploads\/2024\/09\/Ostoksilla4-768x576.jpg 768w, https:\/\/rautila.fi\/wp-content\/uploads\/2024\/09\/Ostoksilla4-1536x1152.jpg 1536w, https:\/\/rautila.fi\/wp-content\/uploads\/2024\/09\/Ostoksilla4-2048x1536.jpg 2048w\" sizes=\"auto, (max-width: 1024px) 100vw, 1024px\" \/><\/figure>\n<\/figure>\n\n\n\n<figure class=\"wp-block-gallery has-nested-images columns-default is-cropped wp-block-gallery-5 is-layout-flex wp-block-gallery-is-layout-flex\">\n<figure class=\"wp-block-image size-large\"><img loading=\"lazy\" decoding=\"async\" width=\"1024\" height=\"768\" data-id=\"986\" src=\"https:\/\/rautila.fi\/wp-content\/uploads\/2024\/09\/Ostoksilla3-1024x768.jpg\" alt=\"\" class=\"wp-image-986\" srcset=\"https:\/\/rautila.fi\/wp-content\/uploads\/2024\/09\/Ostoksilla3-1024x768.jpg 1024w, https:\/\/rautila.fi\/wp-content\/uploads\/2024\/09\/Ostoksilla3-300x225.jpg 300w, https:\/\/rautila.fi\/wp-content\/uploads\/2024\/09\/Ostoksilla3-768x576.jpg 768w, https:\/\/rautila.fi\/wp-content\/uploads\/2024\/09\/Ostoksilla3-1536x1152.jpg 1536w, https:\/\/rautila.fi\/wp-content\/uploads\/2024\/09\/Ostoksilla3-2048x1536.jpg 2048w\" sizes=\"auto, (max-width: 1024px) 100vw, 1024px\" \/><\/figure>\n\n\n\n<figure class=\"wp-block-image size-large\"><img loading=\"lazy\" decoding=\"async\" width=\"1024\" height=\"683\" data-id=\"974\" src=\"https:\/\/rautila.fi\/wp-content\/uploads\/2024\/09\/hillot-1-1024x683.jpg\" alt=\"\" class=\"wp-image-974\" srcset=\"https:\/\/rautila.fi\/wp-content\/uploads\/2024\/09\/hillot-1-1024x683.jpg 1024w, https:\/\/rautila.fi\/wp-content\/uploads\/2024\/09\/hillot-1-300x200.jpg 300w, https:\/\/rautila.fi\/wp-content\/uploads\/2024\/09\/hillot-1-768x512.jpg 768w, https:\/\/rautila.fi\/wp-content\/uploads\/2024\/09\/hillot-1-1536x1024.jpg 1536w, https:\/\/rautila.fi\/wp-content\/uploads\/2024\/09\/hillot-1-2048x1365.jpg 2048w\" sizes=\"auto, (max-width: 1024px) 100vw, 1024px\" \/><\/figure>\n\n\n\n<figure class=\"wp-block-image size-large\"><img loading=\"lazy\" decoding=\"async\" width=\"1024\" height=\"683\" data-id=\"970\" src=\"https:\/\/rautila.fi\/wp-content\/uploads\/2024\/09\/pihjalanmarjakoristeet-1024x683.jpg\" alt=\"\" class=\"wp-image-970\" srcset=\"https:\/\/rautila.fi\/wp-content\/uploads\/2024\/09\/pihjalanmarjakoristeet-1024x683.jpg 1024w, https:\/\/rautila.fi\/wp-content\/uploads\/2024\/09\/pihjalanmarjakoristeet-300x200.jpg 300w, https:\/\/rautila.fi\/wp-content\/uploads\/2024\/09\/pihjalanmarjakoristeet-768x512.jpg 768w, https:\/\/rautila.fi\/wp-content\/uploads\/2024\/09\/pihjalanmarjakoristeet-1536x1024.jpg 1536w, https:\/\/rautila.fi\/wp-content\/uploads\/2024\/09\/pihjalanmarjakoristeet-2048x1365.jpg 2048w\" sizes=\"auto, (max-width: 1024px) 100vw, 1024px\" \/><\/figure>\n<\/figure>\n\n\n\n<p>Syysmarkkinoilla on perinteisesti ollut aina muotonayt\u00f6s kauden uutta muotia esitellen. T\u00e4n\u00e4 vuonna Vaateliike Seepra vastasi t\u00e4st\u00e4 ohjelmanumerosta. Mallit olivat tuttuun tapaan omalta kyl\u00e4lt\u00e4.<\/p>\n\n\n\n<figure class=\"wp-block-gallery has-nested-images columns-default is-cropped wp-block-gallery-6 is-layout-flex wp-block-gallery-is-layout-flex\">\n<figure class=\"wp-block-image size-large\"><img loading=\"lazy\" decoding=\"async\" width=\"683\" height=\"1024\" data-id=\"995\" src=\"https:\/\/rautila.fi\/wp-content\/uploads\/2024\/09\/Syysmuotia2-683x1024.jpg\" alt=\"\" class=\"wp-image-995\" srcset=\"https:\/\/rautila.fi\/wp-content\/uploads\/2024\/09\/Syysmuotia2-683x1024.jpg 683w, https:\/\/rautila.fi\/wp-content\/uploads\/2024\/09\/Syysmuotia2-200x300.jpg 200w, https:\/\/rautila.fi\/wp-content\/uploads\/2024\/09\/Syysmuotia2-768x1152.jpg 768w, https:\/\/rautila.fi\/wp-content\/uploads\/2024\/09\/Syysmuotia2-1024x1536.jpg 1024w, https:\/\/rautila.fi\/wp-content\/uploads\/2024\/09\/Syysmuotia2-1365x2048.jpg 1365w, https:\/\/rautila.fi\/wp-content\/uploads\/2024\/09\/Syysmuotia2-scaled.jpg 1707w\" sizes=\"auto, (max-width: 683px) 100vw, 683px\" \/><figcaption class=\"wp-element-caption\">Muotin\u00e4yt\u00f6ksess\u00e4 n\u00e4htyj\u00e4 asuja<\/figcaption><\/figure>\n\n\n\n<figure class=\"wp-block-image size-large\"><img loading=\"lazy\" decoding=\"async\" width=\"683\" height=\"1024\" data-id=\"996\" src=\"https:\/\/rautila.fi\/wp-content\/uploads\/2024\/09\/Syysmuotia2024-683x1024.jpg\" alt=\"\" class=\"wp-image-996\" srcset=\"https:\/\/rautila.fi\/wp-content\/uploads\/2024\/09\/Syysmuotia2024-683x1024.jpg 683w, https:\/\/rautila.fi\/wp-content\/uploads\/2024\/09\/Syysmuotia2024-200x300.jpg 200w, https:\/\/rautila.fi\/wp-content\/uploads\/2024\/09\/Syysmuotia2024-768x1152.jpg 768w, https:\/\/rautila.fi\/wp-content\/uploads\/2024\/09\/Syysmuotia2024-1024x1536.jpg 1024w, https:\/\/rautila.fi\/wp-content\/uploads\/2024\/09\/Syysmuotia2024-1365x2048.jpg 1365w, https:\/\/rautila.fi\/wp-content\/uploads\/2024\/09\/Syysmuotia2024-scaled.jpg 1707w\" sizes=\"auto, (max-width: 683px) 100vw, 683px\" \/><\/figure>\n\n\n\n<figure class=\"wp-block-image size-large\"><img loading=\"lazy\" decoding=\"async\" width=\"683\" height=\"1024\" data-id=\"1001\" src=\"https:\/\/rautila.fi\/wp-content\/uploads\/2024\/09\/Pirkko_juontaa2024-1-683x1024.jpg\" alt=\"\" class=\"wp-image-1001\" srcset=\"https:\/\/rautila.fi\/wp-content\/uploads\/2024\/09\/Pirkko_juontaa2024-1-683x1024.jpg 683w, https:\/\/rautila.fi\/wp-content\/uploads\/2024\/09\/Pirkko_juontaa2024-1-200x300.jpg 200w, https:\/\/rautila.fi\/wp-content\/uploads\/2024\/09\/Pirkko_juontaa2024-1-768x1152.jpg 768w, https:\/\/rautila.fi\/wp-content\/uploads\/2024\/09\/Pirkko_juontaa2024-1-1024x1536.jpg 1024w, https:\/\/rautila.fi\/wp-content\/uploads\/2024\/09\/Pirkko_juontaa2024-1-1365x2048.jpg 1365w, https:\/\/rautila.fi\/wp-content\/uploads\/2024\/09\/Pirkko_juontaa2024-1-scaled.jpg 1707w\" sizes=\"auto, (max-width: 683px) 100vw, 683px\" \/><figcaption class=\"wp-element-caption\">Pirkko juontamassa muotin\u00e4yt\u00f6st\u00e4<\/figcaption><\/figure>\n<\/figure>\n\n\n\n<figure class=\"wp-block-gallery has-nested-images columns-default is-cropped wp-block-gallery-7 is-layout-flex wp-block-gallery-is-layout-flex\">\n<figure class=\"wp-block-image size-large\"><img loading=\"lazy\" decoding=\"async\" width=\"1024\" height=\"683\" data-id=\"994\" src=\"https:\/\/rautila.fi\/wp-content\/uploads\/2024\/09\/Syysmarkkinoiden_yleisoa2024-1-1024x683.jpg\" alt=\"\" class=\"wp-image-994\" srcset=\"https:\/\/rautila.fi\/wp-content\/uploads\/2024\/09\/Syysmarkkinoiden_yleisoa2024-1-1024x683.jpg 1024w, https:\/\/rautila.fi\/wp-content\/uploads\/2024\/09\/Syysmarkkinoiden_yleisoa2024-1-300x200.jpg 300w, https:\/\/rautila.fi\/wp-content\/uploads\/2024\/09\/Syysmarkkinoiden_yleisoa2024-1-768x512.jpg 768w, https:\/\/rautila.fi\/wp-content\/uploads\/2024\/09\/Syysmarkkinoiden_yleisoa2024-1-1536x1024.jpg 1536w, https:\/\/rautila.fi\/wp-content\/uploads\/2024\/09\/Syysmarkkinoiden_yleisoa2024-1-2048x1365.jpg 2048w\" sizes=\"auto, (max-width: 1024px) 100vw, 1024px\" \/><figcaption class=\"wp-element-caption\">Syysmarkkinoiden yleis\u00f6\u00e4 muotin\u00e4yt\u00f6ksen aikaan<\/figcaption><\/figure>\n\n\n\n<figure class=\"wp-block-image size-large\"><img loading=\"lazy\" decoding=\"async\" width=\"1024\" height=\"683\" data-id=\"983\" src=\"https:\/\/rautila.fi\/wp-content\/uploads\/2024\/09\/muotinaytoksen_mallit2024-1-1024x683.jpg\" alt=\"\" class=\"wp-image-983\" srcset=\"https:\/\/rautila.fi\/wp-content\/uploads\/2024\/09\/muotinaytoksen_mallit2024-1-1024x683.jpg 1024w, https:\/\/rautila.fi\/wp-content\/uploads\/2024\/09\/muotinaytoksen_mallit2024-1-300x200.jpg 300w, https:\/\/rautila.fi\/wp-content\/uploads\/2024\/09\/muotinaytoksen_mallit2024-1-768x512.jpg 768w, https:\/\/rautila.fi\/wp-content\/uploads\/2024\/09\/muotinaytoksen_mallit2024-1-1536x1024.jpg 1536w, https:\/\/rautila.fi\/wp-content\/uploads\/2024\/09\/muotinaytoksen_mallit2024-1-2048x1365.jpg 2048w\" sizes=\"auto, (max-width: 1024px) 100vw, 1024px\" \/><figcaption class=\"wp-element-caption\">Muotin\u00e4yt\u00f6ksen mallit<\/figcaption><\/figure>\n<\/figure>\n\n\n\n<p>Rautilan Syysmarkkinoilla nautittiin tietysti puffetin antimista. T\u00e4ll\u00e4 kertaa my\u00f6s Rautilan VPK:n naiset ahkeroivat vohveleita paistaen.<\/p>\n\n\n\n<figure class=\"wp-block-gallery has-nested-images columns-default is-cropped wp-block-gallery-8 is-layout-flex wp-block-gallery-is-layout-flex\">\n<figure class=\"wp-block-image size-large\"><img loading=\"lazy\" decoding=\"async\" width=\"1024\" height=\"768\" data-id=\"997\" src=\"https:\/\/rautila.fi\/wp-content\/uploads\/2024\/09\/Tohinaa-puffetissa2024-1024x768.jpg\" alt=\"\" class=\"wp-image-997\" srcset=\"https:\/\/rautila.fi\/wp-content\/uploads\/2024\/09\/Tohinaa-puffetissa2024-1024x768.jpg 1024w, https:\/\/rautila.fi\/wp-content\/uploads\/2024\/09\/Tohinaa-puffetissa2024-300x225.jpg 300w, https:\/\/rautila.fi\/wp-content\/uploads\/2024\/09\/Tohinaa-puffetissa2024-768x576.jpg 768w, https:\/\/rautila.fi\/wp-content\/uploads\/2024\/09\/Tohinaa-puffetissa2024-1536x1152.jpg 1536w, https:\/\/rautila.fi\/wp-content\/uploads\/2024\/09\/Tohinaa-puffetissa2024-2048x1536.jpg 2048w\" sizes=\"auto, (max-width: 1024px) 100vw, 1024px\" \/><figcaption class=\"wp-element-caption\">Tohinaa puffetissa 2024<\/figcaption><\/figure>\n\n\n\n<figure class=\"wp-block-image size-large\"><img loading=\"lazy\" decoding=\"async\" width=\"1024\" height=\"683\" data-id=\"975\" src=\"https:\/\/rautila.fi\/wp-content\/uploads\/2024\/09\/IMG_2373-1024x683.jpg\" alt=\"\" class=\"wp-image-975\" srcset=\"https:\/\/rautila.fi\/wp-content\/uploads\/2024\/09\/IMG_2373-1024x683.jpg 1024w, https:\/\/rautila.fi\/wp-content\/uploads\/2024\/09\/IMG_2373-300x200.jpg 300w, https:\/\/rautila.fi\/wp-content\/uploads\/2024\/09\/IMG_2373-768x512.jpg 768w, https:\/\/rautila.fi\/wp-content\/uploads\/2024\/09\/IMG_2373-1536x1024.jpg 1536w, https:\/\/rautila.fi\/wp-content\/uploads\/2024\/09\/IMG_2373-2048x1365.jpg 2048w\" sizes=\"auto, (max-width: 1024px) 100vw, 1024px\" \/><figcaption class=\"wp-element-caption\">Grillimakkaraa sen olla pit\u00e4\u00e4!<\/figcaption><\/figure>\n\n\n\n<figure class=\"wp-block-image size-large\"><img loading=\"lazy\" decoding=\"async\" width=\"1024\" height=\"768\" data-id=\"999\" src=\"https:\/\/rautila.fi\/wp-content\/uploads\/2024\/09\/VPKn_naisten_vohveliteltta-1024x768.jpg\" alt=\"\" class=\"wp-image-999\" srcset=\"https:\/\/rautila.fi\/wp-content\/uploads\/2024\/09\/VPKn_naisten_vohveliteltta-1024x768.jpg 1024w, https:\/\/rautila.fi\/wp-content\/uploads\/2024\/09\/VPKn_naisten_vohveliteltta-300x225.jpg 300w, https:\/\/rautila.fi\/wp-content\/uploads\/2024\/09\/VPKn_naisten_vohveliteltta-768x576.jpg 768w, https:\/\/rautila.fi\/wp-content\/uploads\/2024\/09\/VPKn_naisten_vohveliteltta-1536x1152.jpg 1536w, https:\/\/rautila.fi\/wp-content\/uploads\/2024\/09\/VPKn_naisten_vohveliteltta-2048x1536.jpg 2048w\" sizes=\"auto, (max-width: 1024px) 100vw, 1024px\" \/><figcaption class=\"wp-element-caption\">VPK:n naisten vohveliteltta<\/figcaption><\/figure>\n<\/figure>\n\n\n\n<p>Syysmarkkinoilla ostettiin my\u00f6s arpoja, heitettiin possupeli\u00e4 ja katseltiin vanhoja valokuvia. Possupeliss\u00e4 parhaan tuloksen heitti Vesa Ahokas &#8211; onnittelut saunaviikonlopun voittajalle!<\/p>\n\n\n\n<figure class=\"wp-block-gallery has-nested-images columns-default is-cropped wp-block-gallery-9 is-layout-flex wp-block-gallery-is-layout-flex\">\n<figure class=\"wp-block-image size-large\"><img loading=\"lazy\" decoding=\"async\" width=\"1024\" height=\"768\" data-id=\"982\" src=\"https:\/\/rautila.fi\/wp-content\/uploads\/2024\/09\/Muhkea_arpajaispoyta_odottaa-onnekkaita2024-1024x768.jpg\" alt=\"Muhkea arpajaisp\u00f6yt\u00e4 odottaa onnekkaita\" class=\"wp-image-982\" srcset=\"https:\/\/rautila.fi\/wp-content\/uploads\/2024\/09\/Muhkea_arpajaispoyta_odottaa-onnekkaita2024-1024x768.jpg 1024w, https:\/\/rautila.fi\/wp-content\/uploads\/2024\/09\/Muhkea_arpajaispoyta_odottaa-onnekkaita2024-300x225.jpg 300w, https:\/\/rautila.fi\/wp-content\/uploads\/2024\/09\/Muhkea_arpajaispoyta_odottaa-onnekkaita2024-768x576.jpg 768w, https:\/\/rautila.fi\/wp-content\/uploads\/2024\/09\/Muhkea_arpajaispoyta_odottaa-onnekkaita2024-1536x1152.jpg 1536w, https:\/\/rautila.fi\/wp-content\/uploads\/2024\/09\/Muhkea_arpajaispoyta_odottaa-onnekkaita2024-2048x1536.jpg 2048w\" sizes=\"auto, (max-width: 1024px) 100vw, 1024px\" \/><figcaption class=\"wp-element-caption\">Muhkea arpajaisp\u00f6yt\u00e4 odottaa onnekkaita<\/figcaption><\/figure>\n\n\n\n<figure class=\"wp-block-image size-large\"><img loading=\"lazy\" decoding=\"async\" width=\"1024\" height=\"768\" data-id=\"991\" src=\"https:\/\/rautila.fi\/wp-content\/uploads\/2024\/09\/Possupelin_tiimellyksessa-1024x768.jpg\" alt=\"\" class=\"wp-image-991\" srcset=\"https:\/\/rautila.fi\/wp-content\/uploads\/2024\/09\/Possupelin_tiimellyksessa-1024x768.jpg 1024w, https:\/\/rautila.fi\/wp-content\/uploads\/2024\/09\/Possupelin_tiimellyksessa-300x225.jpg 300w, https:\/\/rautila.fi\/wp-content\/uploads\/2024\/09\/Possupelin_tiimellyksessa-768x576.jpg 768w, https:\/\/rautila.fi\/wp-content\/uploads\/2024\/09\/Possupelin_tiimellyksessa-1536x1152.jpg 1536w, https:\/\/rautila.fi\/wp-content\/uploads\/2024\/09\/Possupelin_tiimellyksessa-2048x1536.jpg 2048w\" sizes=\"auto, (max-width: 1024px) 100vw, 1024px\" \/><figcaption class=\"wp-element-caption\">Possupelin tiimellyksess\u00e4<\/figcaption><\/figure>\n\n\n\n<figure class=\"wp-block-image size-large\"><img loading=\"lazy\" decoding=\"async\" width=\"1024\" height=\"768\" data-id=\"998\" src=\"https:\/\/rautila.fi\/wp-content\/uploads\/2024\/09\/Valokuvanayttely2024-1024x768.jpg\" alt=\"\" class=\"wp-image-998\" srcset=\"https:\/\/rautila.fi\/wp-content\/uploads\/2024\/09\/Valokuvanayttely2024-1024x768.jpg 1024w, https:\/\/rautila.fi\/wp-content\/uploads\/2024\/09\/Valokuvanayttely2024-300x225.jpg 300w, https:\/\/rautila.fi\/wp-content\/uploads\/2024\/09\/Valokuvanayttely2024-768x576.jpg 768w, https:\/\/rautila.fi\/wp-content\/uploads\/2024\/09\/Valokuvanayttely2024-1536x1152.jpg 1536w, https:\/\/rautila.fi\/wp-content\/uploads\/2024\/09\/Valokuvanayttely2024-2048x1536.jpg 2048w\" sizes=\"auto, (max-width: 1024px) 100vw, 1024px\" \/><figcaption class=\"wp-element-caption\">Valokuvan\u00e4yttely 2024<\/figcaption><\/figure>\n<\/figure>\n\n\n\n<p>Rautilan VPK:n kalustoesittely ja pikkupalomiesten auto olivat perinteiseen tapaan my\u00f6s esill\u00e4 Syysmarkkinoilla.<\/p>\n\n\n\n<figure class=\"wp-block-gallery has-nested-images columns-default is-cropped wp-block-gallery-10 is-layout-flex wp-block-gallery-is-layout-flex\">\n<figure class=\"wp-block-image size-large\"><img loading=\"lazy\" decoding=\"async\" width=\"1024\" height=\"768\" data-id=\"992\" src=\"https:\/\/rautila.fi\/wp-content\/uploads\/2024\/09\/Rautilan_VPK_paikalla-1024x768.jpg\" alt=\"\" class=\"wp-image-992\" srcset=\"https:\/\/rautila.fi\/wp-content\/uploads\/2024\/09\/Rautilan_VPK_paikalla-1024x768.jpg 1024w, https:\/\/rautila.fi\/wp-content\/uploads\/2024\/09\/Rautilan_VPK_paikalla-300x225.jpg 300w, https:\/\/rautila.fi\/wp-content\/uploads\/2024\/09\/Rautilan_VPK_paikalla-768x576.jpg 768w, https:\/\/rautila.fi\/wp-content\/uploads\/2024\/09\/Rautilan_VPK_paikalla-1536x1152.jpg 1536w, https:\/\/rautila.fi\/wp-content\/uploads\/2024\/09\/Rautilan_VPK_paikalla-2048x1536.jpg 2048w\" sizes=\"auto, (max-width: 1024px) 100vw, 1024px\" \/><\/figure>\n\n\n\n<figure class=\"wp-block-image size-large\"><img loading=\"lazy\" decoding=\"async\" width=\"1024\" height=\"768\" data-id=\"1000\" src=\"https:\/\/rautila.fi\/wp-content\/uploads\/2024\/09\/VPKn_pikkupaloauto2024-1024x768.jpg\" alt=\"\" class=\"wp-image-1000\" srcset=\"https:\/\/rautila.fi\/wp-content\/uploads\/2024\/09\/VPKn_pikkupaloauto2024-1024x768.jpg 1024w, https:\/\/rautila.fi\/wp-content\/uploads\/2024\/09\/VPKn_pikkupaloauto2024-300x225.jpg 300w, https:\/\/rautila.fi\/wp-content\/uploads\/2024\/09\/VPKn_pikkupaloauto2024-768x576.jpg 768w, https:\/\/rautila.fi\/wp-content\/uploads\/2024\/09\/VPKn_pikkupaloauto2024-1536x1152.jpg 1536w, https:\/\/rautila.fi\/wp-content\/uploads\/2024\/09\/VPKn_pikkupaloauto2024-2048x1536.jpg 2048w\" sizes=\"auto, (max-width: 1024px) 100vw, 1024px\" \/><figcaption class=\"wp-element-caption\">Rautilan VPK:n pikkupaloauto<\/figcaption><\/figure>\n<\/figure>\n\n\n\n<p>L\u00e4mmin kiitos kaikille myyjille, asiakkaille, n\u00e4ytteilleasettajille ja talkoolaisille!<\/p>\n\n\n\n<p><strong>Pe 30.8. Rautilan kes\u00e4saunakauden p\u00e4\u00e4tt\u00e4j\u00e4isiss\u00e4 <\/strong>oli sauna t\u00e4ynn\u00e4 porukkaa. Kes\u00e4isess\u00e4 keliss\u00e4 uitiin ja nautittiin makkaraa ja pullaa.<\/p>\n\n\n\n<figure class=\"wp-block-image size-large is-resized\"><img loading=\"lazy\" decoding=\"async\" width=\"1024\" height=\"768\" src=\"https:\/\/rautila.fi\/wp-content\/uploads\/2024\/09\/20240830_192015-1024x768.jpg\" alt=\"Kes\u00e4saunakauden p\u00e4\u00e4tt\u00e4ij\u00e4iset 2024\" class=\"wp-image-971\" style=\"width:670px;height:auto\" srcset=\"https:\/\/rautila.fi\/wp-content\/uploads\/2024\/09\/20240830_192015-1024x768.jpg 1024w, https:\/\/rautila.fi\/wp-content\/uploads\/2024\/09\/20240830_192015-300x225.jpg 300w, https:\/\/rautila.fi\/wp-content\/uploads\/2024\/09\/20240830_192015-768x576.jpg 768w, https:\/\/rautila.fi\/wp-content\/uploads\/2024\/09\/20240830_192015-1536x1152.jpg 1536w, https:\/\/rautila.fi\/wp-content\/uploads\/2024\/09\/20240830_192015-2048x1536.jpg 2048w\" sizes=\"auto, (max-width: 1024px) 100vw, 1024px\" \/><figcaption class=\"wp-element-caption\">Kes\u00e4saunakauden p\u00e4\u00e4tt\u00e4j\u00e4iset 2024<\/figcaption><\/figure>\n\n\n\n<p><strong>La 24.8. teimme kes\u00e4retken Uudenkaupungin maisemiin<\/strong> Tuula-Riitta Karlinin opastuksella. Tutustuimme Lokalahden kirkolla olevaan Ilkka Kanervan muistomerkkiin, ajoimme l\u00e4pi Velhoveden reitin, nautimme ihanan kalabuffet-lounaan Pyh\u00e4maan pirtiss\u00e4, tutustuimme Taidetalo Pilvilinnaan taiteilija Raija Nokkalan ihastuttavan opastuksen johdolla ja nautimme viel\u00e4 munkkikahvit Pakkahuoneella. Retkell\u00e4 mukana 21 aktiivia.<\/p>\n\n\n\n<figure class=\"wp-block-gallery has-nested-images columns-default is-cropped wp-block-gallery-11 is-layout-flex wp-block-gallery-is-layout-flex\">\n<figure class=\"wp-block-image size-large\"><img loading=\"lazy\" decoding=\"async\" width=\"1024\" height=\"768\" data-id=\"1025\" src=\"https:\/\/rautila.fi\/wp-content\/uploads\/2024\/12\/20240824_1032211-1024x768.jpg\" alt=\"\" class=\"wp-image-1025\" srcset=\"https:\/\/rautila.fi\/wp-content\/uploads\/2024\/12\/20240824_1032211-1024x768.jpg 1024w, https:\/\/rautila.fi\/wp-content\/uploads\/2024\/12\/20240824_1032211-300x225.jpg 300w, https:\/\/rautila.fi\/wp-content\/uploads\/2024\/12\/20240824_1032211-768x576.jpg 768w, https:\/\/rautila.fi\/wp-content\/uploads\/2024\/12\/20240824_1032211-1536x1152.jpg 1536w, https:\/\/rautila.fi\/wp-content\/uploads\/2024\/12\/20240824_1032211-2048x1536.jpg 2048w\" sizes=\"auto, (max-width: 1024px) 100vw, 1024px\" \/><figcaption class=\"wp-element-caption\">Kanervan muistomerkill\u00e4 Lokalahden kirkolla<\/figcaption><\/figure>\n\n\n\n<figure class=\"wp-block-image size-large\"><img loading=\"lazy\" decoding=\"async\" width=\"1024\" height=\"683\" data-id=\"1026\" src=\"https:\/\/rautila.fi\/wp-content\/uploads\/2024\/12\/IMG_2299-1024x683.jpg\" alt=\"\" class=\"wp-image-1026\" srcset=\"https:\/\/rautila.fi\/wp-content\/uploads\/2024\/12\/IMG_2299-1024x683.jpg 1024w, https:\/\/rautila.fi\/wp-content\/uploads\/2024\/12\/IMG_2299-300x200.jpg 300w, https:\/\/rautila.fi\/wp-content\/uploads\/2024\/12\/IMG_2299-768x512.jpg 768w, https:\/\/rautila.fi\/wp-content\/uploads\/2024\/12\/IMG_2299-1536x1024.jpg 1536w, https:\/\/rautila.fi\/wp-content\/uploads\/2024\/12\/IMG_2299-2048x1365.jpg 2048w\" sizes=\"auto, (max-width: 1024px) 100vw, 1024px\" \/><figcaption class=\"wp-element-caption\">Kirppiksell\u00e4 Kammelan koululla Pyh\u00e4maassa<\/figcaption><\/figure>\n\n\n\n<figure class=\"wp-block-image size-large\"><img loading=\"lazy\" decoding=\"async\" width=\"1024\" height=\"683\" data-id=\"1027\" src=\"https:\/\/rautila.fi\/wp-content\/uploads\/2024\/12\/IMG_2317-1024x683.jpg\" alt=\"\" class=\"wp-image-1027\" srcset=\"https:\/\/rautila.fi\/wp-content\/uploads\/2024\/12\/IMG_2317-1024x683.jpg 1024w, https:\/\/rautila.fi\/wp-content\/uploads\/2024\/12\/IMG_2317-300x200.jpg 300w, https:\/\/rautila.fi\/wp-content\/uploads\/2024\/12\/IMG_2317-768x512.jpg 768w, https:\/\/rautila.fi\/wp-content\/uploads\/2024\/12\/IMG_2317-1536x1024.jpg 1536w, https:\/\/rautila.fi\/wp-content\/uploads\/2024\/12\/IMG_2317-2048x1365.jpg 2048w\" sizes=\"auto, (max-width: 1024px) 100vw, 1024px\" \/><figcaption class=\"wp-element-caption\">Pyh\u00e4maan vanhassa kirkossa<\/figcaption><\/figure>\n<\/figure>\n\n\n\n<figure class=\"wp-block-gallery has-nested-images columns-default is-cropped wp-block-gallery-12 is-layout-flex wp-block-gallery-is-layout-flex\">\n<figure class=\"wp-block-image size-large\"><img loading=\"lazy\" decoding=\"async\" width=\"2517\" height=\"1416\" data-id=\"1034\" src=\"https:\/\/rautila.fi\/wp-content\/uploads\/2024\/12\/Tuula-edited-2.jpg\" alt=\"\" class=\"wp-image-1034\" srcset=\"https:\/\/rautila.fi\/wp-content\/uploads\/2024\/12\/Tuula-edited-2.jpg 2517w, https:\/\/rautila.fi\/wp-content\/uploads\/2024\/12\/Tuula-edited-2-300x169.jpg 300w, https:\/\/rautila.fi\/wp-content\/uploads\/2024\/12\/Tuula-edited-2-1024x576.jpg 1024w, https:\/\/rautila.fi\/wp-content\/uploads\/2024\/12\/Tuula-edited-2-768x432.jpg 768w, https:\/\/rautila.fi\/wp-content\/uploads\/2024\/12\/Tuula-edited-2-1536x864.jpg 1536w, https:\/\/rautila.fi\/wp-content\/uploads\/2024\/12\/Tuula-edited-2-2048x1152.jpg 2048w\" sizes=\"auto, (max-width: 2517px) 100vw, 2517px\" \/><figcaption class=\"wp-element-caption\">Tuula, avainhenkil\u00f6<\/figcaption><\/figure>\n\n\n\n<figure class=\"wp-block-image size-large\"><img loading=\"lazy\" decoding=\"async\" width=\"1024\" height=\"683\" data-id=\"1028\" src=\"https:\/\/rautila.fi\/wp-content\/uploads\/2024\/12\/IMG_2330-1024x683.jpg\" alt=\"\" class=\"wp-image-1028\" srcset=\"https:\/\/rautila.fi\/wp-content\/uploads\/2024\/12\/IMG_2330-1024x683.jpg 1024w, https:\/\/rautila.fi\/wp-content\/uploads\/2024\/12\/IMG_2330-300x200.jpg 300w, https:\/\/rautila.fi\/wp-content\/uploads\/2024\/12\/IMG_2330-768x512.jpg 768w, https:\/\/rautila.fi\/wp-content\/uploads\/2024\/12\/IMG_2330-1536x1024.jpg 1536w, https:\/\/rautila.fi\/wp-content\/uploads\/2024\/12\/IMG_2330-2048x1365.jpg 2048w\" sizes=\"auto, (max-width: 1024px) 100vw, 1024px\" \/><figcaption class=\"wp-element-caption\">RIKYn kes\u00e4retkel\u00e4iset 2024<\/figcaption><\/figure>\n\n\n\n<figure class=\"wp-block-image size-large\"><img loading=\"lazy\" decoding=\"async\" width=\"1024\" height=\"683\" data-id=\"1029\" src=\"https:\/\/rautila.fi\/wp-content\/uploads\/2024\/12\/IMG_2337-1024x683.jpg\" alt=\"\" class=\"wp-image-1029\" srcset=\"https:\/\/rautila.fi\/wp-content\/uploads\/2024\/12\/IMG_2337-1024x683.jpg 1024w, https:\/\/rautila.fi\/wp-content\/uploads\/2024\/12\/IMG_2337-300x200.jpg 300w, https:\/\/rautila.fi\/wp-content\/uploads\/2024\/12\/IMG_2337-768x512.jpg 768w, https:\/\/rautila.fi\/wp-content\/uploads\/2024\/12\/IMG_2337-1536x1024.jpg 1536w, https:\/\/rautila.fi\/wp-content\/uploads\/2024\/12\/IMG_2337-2048x1365.jpg 2048w\" sizes=\"auto, (max-width: 1024px) 100vw, 1024px\" \/><figcaption class=\"wp-element-caption\">Pilvilinnan pihalla<\/figcaption><\/figure>\n<\/figure>\n\n\n\n<p><strong>Su 28.7. Koko kyl\u00e4 j\u00e4lleen py\u00f6r\u00e4ili <\/strong>ja reitin varrella pidimme puffettia Irjalassa Vuorisalmen kotiateljeen pihalla. Tapahtuman j\u00e4rjestiv\u00e4t MTK-Vehmaa ja Vehmaan kunta. Helteisess\u00e4 keliss\u00e4 maistui mehu ja pulla.<\/p>\n\n\n\n<figure class=\"wp-block-image size-large is-resized\"><img loading=\"lazy\" decoding=\"async\" width=\"1024\" height=\"768\" src=\"https:\/\/rautila.fi\/wp-content\/uploads\/2024\/08\/Koko-kyla-pyorailee-Irjalassa-2024-1024x768.jpg\" alt=\"\" class=\"wp-image-947\" style=\"width:671px;height:auto\" srcset=\"https:\/\/rautila.fi\/wp-content\/uploads\/2024\/08\/Koko-kyla-pyorailee-Irjalassa-2024-1024x768.jpg 1024w, https:\/\/rautila.fi\/wp-content\/uploads\/2024\/08\/Koko-kyla-pyorailee-Irjalassa-2024-300x225.jpg 300w, https:\/\/rautila.fi\/wp-content\/uploads\/2024\/08\/Koko-kyla-pyorailee-Irjalassa-2024-768x576.jpg 768w, https:\/\/rautila.fi\/wp-content\/uploads\/2024\/08\/Koko-kyla-pyorailee-Irjalassa-2024-1536x1152.jpg 1536w, https:\/\/rautila.fi\/wp-content\/uploads\/2024\/08\/Koko-kyla-pyorailee-Irjalassa-2024-2048x1536.jpg 2048w\" sizes=\"auto, (max-width: 1024px) 100vw, 1024px\" \/><figcaption class=\"wp-element-caption\">Koko kyl\u00e4 py\u00f6r\u00e4ilee Irjalassa 2024<\/figcaption><\/figure>\n\n\n\n<p><strong>To 25.7<\/strong>. <strong>tehtiin toinen kes\u00e4teatteriretki Paimion kes\u00e4teatteriin<\/strong> Kristiinan bussilla. Ensiksi piipahdettiin katsomaan Paimion parantolaa ja sen j\u00e4lkeen nautittiin Finlandersien musiikkia sis\u00e4lt\u00e4v\u00e4 Oikeesti!-esitys v\u00e4liaikakahveineen. Teatteriretkel\u00e4isi\u00e4 matkassa 21.<\/p>\n\n\n\n<figure class=\"wp-block-gallery has-nested-images columns-default is-cropped wp-block-gallery-13 is-layout-flex wp-block-gallery-is-layout-flex\">\n<figure class=\"wp-block-image size-large\"><img loading=\"lazy\" decoding=\"async\" width=\"1024\" height=\"768\" data-id=\"950\" src=\"https:\/\/rautila.fi\/wp-content\/uploads\/2024\/08\/Paimion-parantola-1024x768.jpg\" alt=\"\" class=\"wp-image-950\" srcset=\"https:\/\/rautila.fi\/wp-content\/uploads\/2024\/08\/Paimion-parantola-1024x768.jpg 1024w, https:\/\/rautila.fi\/wp-content\/uploads\/2024\/08\/Paimion-parantola-300x225.jpg 300w, https:\/\/rautila.fi\/wp-content\/uploads\/2024\/08\/Paimion-parantola-768x576.jpg 768w, https:\/\/rautila.fi\/wp-content\/uploads\/2024\/08\/Paimion-parantola-1536x1152.jpg 1536w, https:\/\/rautila.fi\/wp-content\/uploads\/2024\/08\/Paimion-parantola-2048x1536.jpg 2048w\" sizes=\"auto, (max-width: 1024px) 100vw, 1024px\" \/><\/figure>\n\n\n\n<figure class=\"wp-block-image size-large\"><img loading=\"lazy\" decoding=\"async\" width=\"768\" height=\"1024\" data-id=\"949\" src=\"https:\/\/rautila.fi\/wp-content\/uploads\/2024\/08\/Paimion-parantolan-aula-768x1024.jpg\" alt=\"\" class=\"wp-image-949\" srcset=\"https:\/\/rautila.fi\/wp-content\/uploads\/2024\/08\/Paimion-parantolan-aula-768x1024.jpg 768w, https:\/\/rautila.fi\/wp-content\/uploads\/2024\/08\/Paimion-parantolan-aula-225x300.jpg 225w, https:\/\/rautila.fi\/wp-content\/uploads\/2024\/08\/Paimion-parantolan-aula-1152x1536.jpg 1152w, https:\/\/rautila.fi\/wp-content\/uploads\/2024\/08\/Paimion-parantolan-aula-1536x2048.jpg 1536w, https:\/\/rautila.fi\/wp-content\/uploads\/2024\/08\/Paimion-parantolan-aula-scaled.jpg 1920w\" sizes=\"auto, (max-width: 768px) 100vw, 768px\" \/><\/figure>\n<\/figure>\n\n\n\n<p><strong>To 27.6.<\/strong> k\u00e4vimme katsomassa Wanha-Vinkkil\u00e4n kyl\u00e4yhdistyksen kes\u00e4teatteriesityksen <strong>Halkoholisti<\/strong>. Retkell\u00e4 mukana 16 yhdistysl\u00e4ist\u00e4.<\/p>\n\n\n\n<figure class=\"wp-block-image size-large\"><img loading=\"lazy\" decoding=\"async\" width=\"768\" height=\"1024\" src=\"https:\/\/rautila.fi\/wp-content\/uploads\/2024\/08\/Halkoholisti-2024-768x1024.jpg\" alt=\"\" class=\"wp-image-948\" srcset=\"https:\/\/rautila.fi\/wp-content\/uploads\/2024\/08\/Halkoholisti-2024-768x1024.jpg 768w, https:\/\/rautila.fi\/wp-content\/uploads\/2024\/08\/Halkoholisti-2024-225x300.jpg 225w, https:\/\/rautila.fi\/wp-content\/uploads\/2024\/08\/Halkoholisti-2024-1152x1536.jpg 1152w, https:\/\/rautila.fi\/wp-content\/uploads\/2024\/08\/Halkoholisti-2024-1536x2048.jpg 1536w, https:\/\/rautila.fi\/wp-content\/uploads\/2024\/08\/Halkoholisti-2024-scaled.jpg 1920w\" sizes=\"auto, (max-width: 768px) 100vw, 768px\" \/><figcaption class=\"wp-element-caption\">Halkoholisti-esityksen p\u00e4\u00e4henkil\u00f6t Simo ja Pirkko<\/figcaption><\/figure>\n\n\n\n<p><strong>La 15.6. vietettiin Hyv\u00e4\u00e4 Vehmaalla -p\u00e4iv\u00e4\u00e4<\/strong> Vinkkil\u00e4n tapahtuma-aukiolla. Teltassamme py\u00f6ri ahkerasti onnenpy\u00f6r\u00e4 sek\u00e4 myimme tuotteitamme.<\/p>\n\n\n\n<figure class=\"wp-block-gallery has-nested-images columns-default is-cropped wp-block-gallery-14 is-layout-flex wp-block-gallery-is-layout-flex\">\n<figure class=\"wp-block-image size-large\"><img loading=\"lazy\" decoding=\"async\" width=\"768\" height=\"1024\" data-id=\"944\" src=\"https:\/\/rautila.fi\/wp-content\/uploads\/2024\/08\/Onnenpyoran-paavoitto-HV2024-768x1024.jpg\" alt=\"\" class=\"wp-image-944\" srcset=\"https:\/\/rautila.fi\/wp-content\/uploads\/2024\/08\/Onnenpyoran-paavoitto-HV2024-768x1024.jpg 768w, https:\/\/rautila.fi\/wp-content\/uploads\/2024\/08\/Onnenpyoran-paavoitto-HV2024-225x300.jpg 225w, https:\/\/rautila.fi\/wp-content\/uploads\/2024\/08\/Onnenpyoran-paavoitto-HV2024-1152x1536.jpg 1152w, https:\/\/rautila.fi\/wp-content\/uploads\/2024\/08\/Onnenpyoran-paavoitto-HV2024-1536x2048.jpg 1536w, https:\/\/rautila.fi\/wp-content\/uploads\/2024\/08\/Onnenpyoran-paavoitto-HV2024-scaled.jpg 1920w\" sizes=\"auto, (max-width: 768px) 100vw, 768px\" \/><figcaption class=\"wp-element-caption\">Onnenpy\u00f6r\u00e4n p\u00e4\u00e4voitto Hyv\u00e4\u00e4 Vehmaalla 2024<\/figcaption><\/figure>\n\n\n\n<figure class=\"wp-block-image size-large\"><img loading=\"lazy\" decoding=\"async\" width=\"1024\" height=\"768\" data-id=\"945\" src=\"https:\/\/rautila.fi\/wp-content\/uploads\/2024\/08\/Lohikaarme2024-1024x768.jpg\" alt=\"\" class=\"wp-image-945\" srcset=\"https:\/\/rautila.fi\/wp-content\/uploads\/2024\/08\/Lohikaarme2024-1024x768.jpg 1024w, https:\/\/rautila.fi\/wp-content\/uploads\/2024\/08\/Lohikaarme2024-300x225.jpg 300w, https:\/\/rautila.fi\/wp-content\/uploads\/2024\/08\/Lohikaarme2024-768x576.jpg 768w, https:\/\/rautila.fi\/wp-content\/uploads\/2024\/08\/Lohikaarme2024-1536x1152.jpg 1536w, https:\/\/rautila.fi\/wp-content\/uploads\/2024\/08\/Lohikaarme2024-2048x1536.jpg 2048w\" sizes=\"auto, (max-width: 1024px) 100vw, 1024px\" \/><figcaption class=\"wp-element-caption\">Lohik\u00e4\u00e4rme-teema Hyv\u00e4\u00e4 Vehmaalla 2024<\/figcaption><\/figure>\n<\/figure>\n\n\n\n<p><strong>La 25.5. pidettiin perinteiset kev\u00e4ttalkoot<\/strong> polttopuiden, saunansiivouksen ja ev\u00e4styksen merkeiss\u00e4.<\/p>\n\n\n\n<p><strong>Su 5.5. pidettiin yhdistyksen s\u00e4\u00e4nt\u00f6m\u00e4\u00e4r\u00e4inen kev\u00e4tkokous<\/strong> Irjalan vanhalla koululla<\/p>\n\n\n\n<p><strong>La 20.4. puutalkoot<\/strong> saunalla, paikalla 13 talkoolaista<\/p>\n\n\n\n<p><strong>23.2. Irjalan kent\u00e4n luistelukausi p\u00e4\u00e4ttyi<\/strong><\/p>\n\n\n\n<p><strong>Su 11.2. vietettiin 112-p\u00e4iv\u00e4\u00e4 <\/strong>yhdess\u00e4 Rautilan VPK:n kanssa. Kyl\u00e4yhdistyksen ohjelmassa oli napakelkka Rautilan saunarannassa ja arpajaiset. Puffetissa hernekeittoa, grillimakkaraa ja linnunp\u00f6ntt\u00f6j\u00e4 myynniss\u00e4.<\/p>\n\n\n\n<figure class=\"wp-block-gallery has-nested-images columns-default is-cropped wp-block-gallery-15 is-layout-flex wp-block-gallery-is-layout-flex\">\n<figure class=\"wp-block-image size-large\"><img loading=\"lazy\" decoding=\"async\" width=\"1024\" height=\"768\" data-id=\"930\" src=\"https:\/\/rautila.fi\/wp-content\/uploads\/2024\/05\/Napakelkkailua-2024-1024x768.jpg\" alt=\"\" class=\"wp-image-930\" srcset=\"https:\/\/rautila.fi\/wp-content\/uploads\/2024\/05\/Napakelkkailua-2024-1024x768.jpg 1024w, https:\/\/rautila.fi\/wp-content\/uploads\/2024\/05\/Napakelkkailua-2024-300x225.jpg 300w, https:\/\/rautila.fi\/wp-content\/uploads\/2024\/05\/Napakelkkailua-2024-768x576.jpg 768w, https:\/\/rautila.fi\/wp-content\/uploads\/2024\/05\/Napakelkkailua-2024-1536x1152.jpg 1536w, https:\/\/rautila.fi\/wp-content\/uploads\/2024\/05\/Napakelkkailua-2024-2048x1536.jpg 2048w\" sizes=\"auto, (max-width: 1024px) 100vw, 1024px\" \/><figcaption class=\"wp-element-caption\">Napakelkkailua 2024<\/figcaption><\/figure>\n\n\n\n<figure class=\"wp-block-image size-large\"><img loading=\"lazy\" decoding=\"async\" width=\"768\" height=\"1024\" data-id=\"929\" src=\"https:\/\/rautila.fi\/wp-content\/uploads\/2024\/05\/Soppatykki-2024-768x1024.jpg\" alt=\"\" class=\"wp-image-929\" srcset=\"https:\/\/rautila.fi\/wp-content\/uploads\/2024\/05\/Soppatykki-2024-768x1024.jpg 768w, https:\/\/rautila.fi\/wp-content\/uploads\/2024\/05\/Soppatykki-2024-225x300.jpg 225w, https:\/\/rautila.fi\/wp-content\/uploads\/2024\/05\/Soppatykki-2024-1152x1536.jpg 1152w, https:\/\/rautila.fi\/wp-content\/uploads\/2024\/05\/Soppatykki-2024-1536x2048.jpg 1536w, https:\/\/rautila.fi\/wp-content\/uploads\/2024\/05\/Soppatykki-2024-scaled.jpg 1920w\" sizes=\"auto, (max-width: 768px) 100vw, 768px\" \/><figcaption class=\"wp-element-caption\">Hernesoppa 2024<\/figcaption><\/figure>\n<\/figure>\n\n\n\n<hr class=\"wp-block-separator has-alpha-channel-opacity\"\/>\n\n\n\n<p><\/p>\n","protected":false},"excerpt":{"rendered":"<p>Kuvat \u00a9 Soila Jaakkola VUONNA 2024 La 14.12. osallistuimme Hyv\u00e4n mielen joulumarkkinoille Mietoisten Maamiesseurantalolla. Kyl\u00e4yhdistystuotteiden lis\u00e4ksi myimme aimo kasan kuivakakkuja. La 23.10. juhlimme yhdistyksen pikkujouluja Tammelinien tiloissa Himoisten vanhalla kyl\u00e4koululla. Ohjelmassa oli jouluruoan lis\u00e4ksi tietovisoja, yhteislauluja, Riky Kuutamolla ja tanssiakin &hellip; <a href=\"https:\/\/rautila.fi\/index.php\/2024-2\/\">Lue loppuun <span class=\"meta-nav\">&rarr;<\/span><\/a><\/p>\n","protected":false},"author":1,"featured_media":0,"parent":0,"menu_order":0,"comment_status":"closed","ping_status":"closed","template":"","meta":{"footnotes":""},"class_list":["post-1080","page","type-page","status-publish","hentry"],"_links":{"self":[{"href":"https:\/\/rautila.fi\/index.php\/wp-json\/wp\/v2\/pages\/1080","targetHints":{"allow":["GET"]}}],"collection":[{"href":"https:\/\/rautila.fi\/index.php\/wp-json\/wp\/v2\/pages"}],"about":[{"href":"https:\/\/rautila.fi\/index.php\/wp-json\/wp\/v2\/types\/page"}],"author":[{"embeddable":true,"href":"https:\/\/rautila.fi\/index.php\/wp-json\/wp\/v2\/users\/1"}],"replies":[{"embeddable":true,"href":"https:\/\/rautila.fi\/index.php\/wp-json\/wp\/v2\/comments?post=1080"}],"version-history":[{"count":2,"href":"https:\/\/rautila.fi\/index.php\/wp-json\/wp\/v2\/pages\/1080\/revisions"}],"predecessor-version":[{"id":1084,"href":"https:\/\/rautila.fi\/index.php\/wp-json\/wp\/v2\/pages\/1080\/revisions\/1084"}],"wp:attachment":[{"href":"https:\/\/rautila.fi\/index.php\/wp-json\/wp\/v2\/media?parent=1080"}],"curies":[{"name":"wp","href":"https:\/\/api.w.org\/{rel}","templated":true}]}}